{"id":2563,"date":"2025-07-24T17:43:51","date_gmt":"2025-07-24T17:43:51","guid":{"rendered":"https:\/\/herdenkingscomiteslavernijverleden.org\/commemoration-history\/"},"modified":"2026-01-27T08:23:19","modified_gmt":"2026-01-27T08:23:19","slug":"commemoration-history","status":"publish","type":"page","link":"https:\/\/herdenkingscomiteslavernijverleden.org\/nl\/commemoration-history\/","title":{"rendered":"Commemoration &amp; History"},"content":{"rendered":"<style>.kb-row-layout-id2563_dc39fb-d7 > .kt-row-column-wrap{align-content:center;}:where(.kb-row-layout-id2563_dc39fb-d7 > .kt-row-column-wrap) > .wp-block-kadence-column{justify-content:center;}.kb-row-layout-id2563_dc39fb-d7 > .kt-row-column-wrap{column-gap:var(--global-kb-gap-md, 2rem);row-gap:var(--global-kb-gap-md, 2rem);max-width:var( --global-content-width, 1700px );padding-left:var(--global-content-edge-padding);padding-right:var(--global-content-edge-padding);padding-top:var(--global-kb-spacing-4xl, 8rem);padding-bottom:var(--global-kb-spacing-4xl, 8rem);min-height:370px;grid-template-columns:minmax(0, 1fr);}.kb-row-layout-id2563_dc39fb-d7{background-image:url('https:\/\/herdenkingscomiteslavernijverleden.org\/wp-content\/uploads\/2025\/08\/Commemoration_and_History_Header_1536x1024px.jpg');background-size:cover;background-position:55.00000000000001% 31%;background-attachment:scroll;background-repeat:no-repeat;}.kb-row-layout-id2563_dc39fb-d7 > .kt-row-layout-overlay{opacity:1;background:linear-gradient(0deg,rgba(0,0,0,0.5) 0%,rgba(0,0,0,0.5) 100%);}@media all and (max-width: 1024px){.kb-row-layout-id2563_dc39fb-d7 > .kt-row-column-wrap{grid-template-columns:minmax(0, 1fr);}}@media all and (max-width: 767px){.kb-row-layout-id2563_dc39fb-d7 > .kt-row-column-wrap{padding-top:var(--global-kb-spacing-xxl, 5rem);padding-bottom:var(--global-kb-spacing-xxl, 5rem);grid-template-columns:minmax(0, 1fr);}}.kb-row-layout-id2563_dc39fb-d7 .hero-overlay{    position: absolute;    left: 0;    top: 0;}<\/style><div class=\"kb-row-layout-wrap kb-row-layout-id2563_dc39fb-d7 alignnone kt-row-has-bg wp-block-kadence-rowlayout\"><div class=\"kt-row-layout-overlay kt-row-overlay-gradient\"><\/div><div class=\"kt-row-column-wrap kt-has-1-columns kt-row-layout-equal kt-tab-layout-inherit kt-mobile-layout-row kt-row-valign-middle kb-theme-content-width\">\n<style>.kadence-column2563_9ac867-14 > .kt-inside-inner-col,.kadence-column2563_9ac867-14 > .kt-inside-inner-col:before{border-top-left-radius:0px;border-top-right-radius:0px;border-bottom-right-radius:0px;border-bottom-left-radius:0px;}.kadence-column2563_9ac867-14 > .kt-inside-inner-col{column-gap:var(--global-kb-gap-sm, 1rem);}.kadence-column2563_9ac867-14 > .kt-inside-inner-col{flex-direction:column;}.kadence-column2563_9ac867-14 > .kt-inside-inner-col > .aligncenter{width:100%;}.kadence-column2563_9ac867-14 > .kt-inside-inner-col:before{opacity:0.3;}.kadence-column2563_9ac867-14{position:relative;}@media all and (max-width: 1024px){.kadence-column2563_9ac867-14 > .kt-inside-inner-col{flex-direction:column;justify-content:center;}}@media all and (max-width: 767px){.kadence-column2563_9ac867-14 > .kt-inside-inner-col{flex-direction:column;justify-content:center;}}<\/style>\n<div class=\"wp-block-kadence-column kadence-column2563_9ac867-14\"><div class=\"kt-inside-inner-col\"><style>.wp-block-kadence-advancedheading.kt-adv-heading2563_715b4b-80, .wp-block-kadence-advancedheading.kt-adv-heading2563_715b4b-80[data-kb-block=\"kb-adv-heading2563_715b4b-80\"]{margin-top:0px;margin-bottom:var(--global-kb-spacing-xs, 1rem);font-style:normal;}.wp-block-kadence-advancedheading.kt-adv-heading2563_715b4b-80 mark.kt-highlight, .wp-block-kadence-advancedheading.kt-adv-heading2563_715b4b-80[data-kb-block=\"kb-adv-heading2563_715b4b-80\"] mark.kt-highlight{font-style:normal;color:#f76a0c;-webkit-box-decoration-break:clone;box-decoration-break:clone;padding-top:0px;padding-right:0px;padding-bottom:0px;padding-left:0px;}.wp-block-kadence-advancedheading.kt-adv-heading2563_715b4b-80 img.kb-inline-image, .wp-block-kadence-advancedheading.kt-adv-heading2563_715b4b-80[data-kb-block=\"kb-adv-heading2563_715b4b-80\"] img.kb-inline-image{width:150px;vertical-align:baseline;}<\/style>\n<h1 class=\"kt-adv-heading2563_715b4b-80 wp-block-kadence-advancedheading has-theme-palette-9-color has-text-color\" data-kb-block=\"kb-adv-heading2563_715b4b-80\"><strong>Herdenking &amp; Geschiedenis<\/strong><\/h1>\n<\/div><\/div>\n\n<\/div><\/div>\n\n<style>.kb-row-layout-id2563_fd7040-85 > .kt-row-column-wrap{align-content:start;}:where(.kb-row-layout-id2563_fd7040-85 > .kt-row-column-wrap) > .wp-block-kadence-column{justify-content:start;}.kb-row-layout-id2563_fd7040-85 > .kt-row-column-wrap{column-gap:var(--global-kb-gap-md, 2rem);row-gap:var(--global-kb-gap-md, 2rem);max-width:var( --global-content-width, 1700px );padding-left:var(--global-content-edge-padding);padding-right:var(--global-content-edge-padding);padding-top:var(--global-kb-spacing-4xl, 8rem);padding-bottom:var(--global-kb-spacing-4xl, 8rem);grid-template-columns:minmax(0, 1fr);}.kb-row-layout-id2563_fd7040-85 > .kt-row-layout-overlay{opacity:0.30;}@media all and (max-width: 1024px){.kb-row-layout-id2563_fd7040-85 > .kt-row-column-wrap{grid-template-columns:minmax(0, 1fr);}}@media all and (max-width: 767px){.kb-row-layout-id2563_fd7040-85 > .kt-row-column-wrap{padding-top:var(--global-kb-spacing-xxl, 5rem);padding-bottom:var(--global-kb-spacing-xxl, 5rem);grid-template-columns:minmax(0, 1fr);}}.kb-row-layout-id2563_fd7040-85 .splide__pagination {  bottom: -48px !important;}<\/style><div class=\"kb-row-layout-wrap kb-row-layout-id2563_fd7040-85 alignnone has-theme-palette8-background-color kt-row-has-bg wp-block-kadence-rowlayout\"><div class=\"kt-row-column-wrap kt-has-1-columns kt-row-layout-equal kt-tab-layout-inherit kt-mobile-layout-row kt-row-valign-top kb-theme-content-width\">\n<style>.kadence-column2563_b90a36-10 > .kt-inside-inner-col{display:flex;}.kadence-column2563_b90a36-10 > .kt-inside-inner-col,.kadence-column2563_b90a36-10 > .kt-inside-inner-col:before{border-top-left-radius:0px;border-top-right-radius:0px;border-bottom-right-radius:0px;border-bottom-left-radius:0px;}.kadence-column2563_b90a36-10 > .kt-inside-inner-col{row-gap:var(--global-kb-gap-sm, 1rem);column-gap:var(--global-kb-gap-sm, 1rem);}.kadence-column2563_b90a36-10 > .kt-inside-inner-col{flex-direction:row;flex-wrap:wrap;align-items:center;justify-content:center;}.kadence-column2563_b90a36-10 > .kt-inside-inner-col > *, .kadence-column2563_b90a36-10 > .kt-inside-inner-col > figure.wp-block-image, .kadence-column2563_b90a36-10 > .kt-inside-inner-col > figure.wp-block-kadence-image{margin-top:0px;margin-bottom:0px;}.kadence-column2563_b90a36-10 > .kt-inside-inner-col > .kb-image-is-ratio-size{flex-grow:1;}.wp-block-kadence-column.kb-section-dir-horizontal.kadence-column2563_b90a36-10 > .kt-inside-inner-col > *{flex-basis:768px;}.wp-block-kadence-column.kb-section-dir-horizontal.kadence-column2563_b90a36-10 > .kt-inside-inner-col > .wp-block-kadence-infobox{width:0px;}.kadence-column2563_b90a36-10 > .kt-inside-inner-col:before{opacity:0.3;}.kadence-column2563_b90a36-10{text-align:center;}.kadence-column2563_b90a36-10{position:relative;}@media all and (max-width: 1024px){.kadence-column2563_b90a36-10 > .kt-inside-inner-col{flex-direction:row;flex-wrap:wrap;align-items:center;justify-content:center;}}@media all and (min-width: 768px) and (max-width: 1024px){.kadence-column2563_b90a36-10 > .kt-inside-inner-col > *, .kadence-column2563_b90a36-10 > .kt-inside-inner-col > figure.wp-block-image, .kadence-column2563_b90a36-10 > .kt-inside-inner-col > figure.wp-block-kadence-image{margin-top:0px;margin-bottom:0px;}.kadence-column2563_b90a36-10 > .kt-inside-inner-col > .kb-image-is-ratio-size{flex-grow:1;}}@media all and (max-width: 767px){.kadence-column2563_b90a36-10 > .kt-inside-inner-col{flex-direction:row;flex-wrap:wrap;justify-content:flex-start;justify-content:center;}.kadence-column2563_b90a36-10 > .kt-inside-inner-col > *, .kadence-column2563_b90a36-10 > .kt-inside-inner-col > figure.wp-block-image, .kadence-column2563_b90a36-10 > .kt-inside-inner-col > figure.wp-block-kadence-image{margin-top:0px;margin-bottom:0px;}.kadence-column2563_b90a36-10 > .kt-inside-inner-col > .kb-image-is-ratio-size{flex-grow:1;}}<\/style>\n<div class=\"wp-block-kadence-column kadence-column2563_b90a36-10 kb-section-dir-horizontal\"><div class=\"kt-inside-inner-col\"><style>.kb-advanced-slider-2563_4e9223-1e{--kb-adv-slider-gap:30px;}.kb-advanced-slider-2563_4e9223-1e .kb-slider-size-fixed .kb-advanced-slide-inner-wrap{min-height:200px;}.kb-advanced-slider-2563_4e9223-1e .kb-advanced-slide-inner{max-width:768px;}.kb-advanced-slider-2563_4e9223-1e .kb-advanced-slide-inner-wrap{padding-top:0px;padding-right:0px;padding-bottom:0px;padding-left:0px;}.kb-advanced-slider-2563_4e9223-1e .kb-slider-pause-button{color:#fff;background-color:rgba(0, 0, 0, 0.8);border:1px solid transparent;}.kb-advanced-slider-2563_4e9223-1e .splide__pagination__page{opacity:1;}.kb-advanced-slider-2563_4e9223-1e .splide__pagination__page{background-color:rgba(22,99,152,0.5);}.kb-advanced-slider-2563_4e9223-1e .splide__pagination__page:hover{background-color:var(--global-palette3, #1A202C);}.kb-advanced-slider-2563_4e9223-1e .splide__pagination__page.is-active{background-color:var(--global-palette3, #1A202C);}<\/style><div class=\"kb-advanced-slider kb-advanced-slider-2563_4e9223-1e wp-block-kadence-slider\"><div class=\"kb-advanced-slider-inner-contain kb-adv-slider-html-version-2\"><div class=\"kb-blocks-advanced-carousel kt-blocks-carousel kt-carousel-container-dotstyle-custom\"><div class=\"kb-blocks-advanced-slider-init kb-slider-loading kb-blocks-slider kt-carousel-arrowstyle-none kt-carousel-dotstyle-custom kb-slider-size-fixed kb-slider-type-slider kb-slider-ratio-12-5 kb-slider-group-arrow kb-slider-arrow-position-center kb-slider-tab-ratio-inherit kb-slider-mobile-ratio-inherit splide kb-splide  kb-slider-version-2\" aria-label=\"Slider content\" data-slider-center-mode=\"true\" data-slider-type=\"slider\" data-loop-type=\"loop\" data-columns-xxl=\"3\" data-columns-xl=\"3\" data-columns-md=\"3\" data-columns-sm=\"2\" data-columns-xs=\"1\" data-columns-ss=\"1\" data-slider-anim-speed=\"500\" data-slider-scroll=\"1\" data-slider-fade=\"false\" data-slider-arrows=\"false\" data-slider-dots=\"true\" data-slider-hover-pause=\"false\" data-slider-auto=\"true\"  data-dragging=\"true\" data-slider-speed=\"5000\" data-slider-gap=\"30\" data-slider-gap-tablet=\"30\" data-slider-gap-mobile=\"30\" data-slider-gap-unit=\"px\"><div class=\"splide__track\"><ul class=\"splide__list\">\n\n<li class=\"wp-block-kadence-slide kb-advanced-slide-item kb-slide-2563_1113cf-c9\"><div class=\"kb-advanced-slide\"><div class=\"kb-advanced-slide-inner-wrap\"><div class=\"kb-advanced-slide-inner\"><style>.wp-block-kadence-advancedheading.kt-adv-heading2563_920d01-fa, .wp-block-kadence-advancedheading.kt-adv-heading2563_920d01-fa[data-kb-block=\"kb-adv-heading2563_920d01-fa\"]{max-width:820px;margin-right:auto;margin-left:auto;text-align:center;font-style:normal;}.wp-block-kadence-advancedheading.kt-adv-heading2563_920d01-fa mark.kt-highlight, .wp-block-kadence-advancedheading.kt-adv-heading2563_920d01-fa[data-kb-block=\"kb-adv-heading2563_920d01-fa\"] mark.kt-highlight{font-style:normal;color:#f76a0c;-webkit-box-decoration-break:clone;box-decoration-break:clone;padding-top:0px;padding-right:0px;padding-bottom:0px;padding-left:0px;}.wp-block-kadence-advancedheading.kt-adv-heading2563_920d01-fa img.kb-inline-image, .wp-block-kadence-advancedheading.kt-adv-heading2563_920d01-fa[data-kb-block=\"kb-adv-heading2563_920d01-fa\"] img.kb-inline-image{width:150px;vertical-align:baseline;}<\/style>\n<h2 class=\"kt-adv-heading2563_920d01-fa wp-block-kadence-advancedheading has-theme-palette-6-color has-text-color\" data-kb-block=\"kb-adv-heading2563_920d01-fa\"><strong>Dialoog en verwerking<\/strong><\/h2>\n\n\n<style>.wp-block-kadence-advancedheading.kt-adv-heading2563_662995-c9, .wp-block-kadence-advancedheading.kt-adv-heading2563_662995-c9[data-kb-block=\"kb-adv-heading2563_662995-c9\"]{font-size:var(--global-kb-font-size-lg, 2rem);font-style:normal;}.wp-block-kadence-advancedheading.kt-adv-heading2563_662995-c9 mark.kt-highlight, .wp-block-kadence-advancedheading.kt-adv-heading2563_662995-c9[data-kb-block=\"kb-adv-heading2563_662995-c9\"] mark.kt-highlight{font-style:normal;color:#f76a0c;-webkit-box-decoration-break:clone;box-decoration-break:clone;padding-top:0px;padding-right:0px;padding-bottom:0px;padding-left:0px;}.wp-block-kadence-advancedheading.kt-adv-heading2563_662995-c9 img.kb-inline-image, .wp-block-kadence-advancedheading.kt-adv-heading2563_662995-c9[data-kb-block=\"kb-adv-heading2563_662995-c9\"] img.kb-inline-image{width:150px;vertical-align:baseline;}<\/style>\n<p class=\"kt-adv-heading2563_662995-c9 wp-block-kadence-advancedheading\" data-kb-block=\"kb-adv-heading2563_662995-c9\">Herdenken is meer dan terugkijken naar de geschiedenis, het betekent ook het aangaan van het gesprek in het hier en nu. Dialoog is voor het Herdenkingscomit\u00e9 daarom een krachtig middel om het slavernijverleden te erkennen, de doorwerking ervan bespreekbaar te maken en bij te dragen aan herstel.<\/p>\n<\/div><\/div><\/div><\/li>\n\n\n\n<li class=\"wp-block-kadence-slide kb-advanced-slide-item kb-slide-2563_2040f5-a1\"><div class=\"kb-advanced-slide\"><div class=\"kb-advanced-slide-inner-wrap\"><div class=\"kb-advanced-slide-inner\"><style>.wp-block-kadence-advancedheading.kt-adv-heading2563_233c9c-dc, .wp-block-kadence-advancedheading.kt-adv-heading2563_233c9c-dc[data-kb-block=\"kb-adv-heading2563_233c9c-dc\"]{max-width:820px;margin-right:auto;margin-left:auto;text-align:center;font-style:normal;}.wp-block-kadence-advancedheading.kt-adv-heading2563_233c9c-dc mark.kt-highlight, .wp-block-kadence-advancedheading.kt-adv-heading2563_233c9c-dc[data-kb-block=\"kb-adv-heading2563_233c9c-dc\"] mark.kt-highlight{font-style:normal;color:#f76a0c;-webkit-box-decoration-break:clone;box-decoration-break:clone;padding-top:0px;padding-right:0px;padding-bottom:0px;padding-left:0px;}.wp-block-kadence-advancedheading.kt-adv-heading2563_233c9c-dc img.kb-inline-image, .wp-block-kadence-advancedheading.kt-adv-heading2563_233c9c-dc[data-kb-block=\"kb-adv-heading2563_233c9c-dc\"] img.kb-inline-image{width:150px;vertical-align:baseline;}<\/style>\n<h2 class=\"kt-adv-heading2563_233c9c-dc wp-block-kadence-advancedheading has-theme-palette-6-color has-text-color\" data-kb-block=\"kb-adv-heading2563_233c9c-dc\"><strong>Dialoog is de brug waarop verleden en toekomst elkaar in vertrouwen de hand reiken.<\/strong><\/h2>\n\n\n<style>.wp-block-kadence-advancedheading.kt-adv-heading2563_2f4486-22, .wp-block-kadence-advancedheading.kt-adv-heading2563_2f4486-22[data-kb-block=\"kb-adv-heading2563_2f4486-22\"]{font-size:var(--global-kb-font-size-lg, 2rem);font-style:normal;}.wp-block-kadence-advancedheading.kt-adv-heading2563_2f4486-22 mark.kt-highlight, .wp-block-kadence-advancedheading.kt-adv-heading2563_2f4486-22[data-kb-block=\"kb-adv-heading2563_2f4486-22\"] mark.kt-highlight{font-style:normal;color:#f76a0c;-webkit-box-decoration-break:clone;box-decoration-break:clone;padding-top:0px;padding-right:0px;padding-bottom:0px;padding-left:0px;}.wp-block-kadence-advancedheading.kt-adv-heading2563_2f4486-22 img.kb-inline-image, .wp-block-kadence-advancedheading.kt-adv-heading2563_2f4486-22[data-kb-block=\"kb-adv-heading2563_2f4486-22\"] img.kb-inline-image{width:150px;vertical-align:baseline;}<\/style>\n<p class=\"kt-adv-heading2563_2f4486-22 wp-block-kadence-advancedheading\" data-kb-block=\"kb-adv-heading2563_2f4486-22\">Wij geloven dat maatschappelijke verwerking begint met luisteren. Naar verhalen van nazaten en naar verschillen in ervaring en perspectief. Die gesprekken voeren we bewust: tussen regio\u2019s, tussen gemeenschappen, tussen generaties in het hele Koninkrijk.<\/p>\n<\/div><\/div><\/div><\/li>\n\n\n\n<li class=\"wp-block-kadence-slide kb-advanced-slide-item kb-slide-2563_6c32c9-2a\"><div class=\"kb-advanced-slide\"><div class=\"kb-advanced-slide-inner-wrap\"><div class=\"kb-advanced-slide-inner\"><style>.wp-block-kadence-advancedheading.kt-adv-heading2563_be3ade-20, .wp-block-kadence-advancedheading.kt-adv-heading2563_be3ade-20[data-kb-block=\"kb-adv-heading2563_be3ade-20\"]{max-width:820px;margin-right:auto;margin-left:auto;text-align:center;font-style:normal;}.wp-block-kadence-advancedheading.kt-adv-heading2563_be3ade-20 mark.kt-highlight, .wp-block-kadence-advancedheading.kt-adv-heading2563_be3ade-20[data-kb-block=\"kb-adv-heading2563_be3ade-20\"] mark.kt-highlight{font-style:normal;color:#f76a0c;-webkit-box-decoration-break:clone;box-decoration-break:clone;padding-top:0px;padding-right:0px;padding-bottom:0px;padding-left:0px;}.wp-block-kadence-advancedheading.kt-adv-heading2563_be3ade-20 img.kb-inline-image, .wp-block-kadence-advancedheading.kt-adv-heading2563_be3ade-20[data-kb-block=\"kb-adv-heading2563_be3ade-20\"] img.kb-inline-image{width:150px;vertical-align:baseline;}<\/style>\n<h2 class=\"kt-adv-heading2563_be3ade-20 wp-block-kadence-advancedheading has-theme-palette-6-color has-text-color\" data-kb-block=\"kb-adv-heading2563_be3ade-20\">Wanneer stemmen elkaar ontmoeten, kan stilte veranderen in heling en verbondenheid.<\/h2>\n\n\n<style>.wp-block-kadence-advancedheading.kt-adv-heading2563_cd0668-34, .wp-block-kadence-advancedheading.kt-adv-heading2563_cd0668-34[data-kb-block=\"kb-adv-heading2563_cd0668-34\"]{font-size:var(--global-kb-font-size-lg, 2rem);font-style:normal;}.wp-block-kadence-advancedheading.kt-adv-heading2563_cd0668-34 mark.kt-highlight, .wp-block-kadence-advancedheading.kt-adv-heading2563_cd0668-34[data-kb-block=\"kb-adv-heading2563_cd0668-34\"] mark.kt-highlight{font-style:normal;color:#f76a0c;-webkit-box-decoration-break:clone;box-decoration-break:clone;padding-top:0px;padding-right:0px;padding-bottom:0px;padding-left:0px;}.wp-block-kadence-advancedheading.kt-adv-heading2563_cd0668-34 img.kb-inline-image, .wp-block-kadence-advancedheading.kt-adv-heading2563_cd0668-34[data-kb-block=\"kb-adv-heading2563_cd0668-34\"] img.kb-inline-image{width:150px;vertical-align:baseline;}<\/style>\n<p class=\"kt-adv-heading2563_cd0668-34 wp-block-kadence-advancedheading\" data-kb-block=\"kb-adv-heading2563_cd0668-34\">Via educatieve programma\u2019s, gespreksbijeenkomsten en herdenkingsrituelen stimuleren we een cultuur waarin ongemak niet wordt geschuwd, maar waarin ruimte is voor heling, bewustwording en rechtvaardigheid. Verwerking zo is geen eindpunt, maar een collectief proces waarin iedereen een stem mag hebben.<\/p>\n<\/div><\/div><\/div><\/li>\n\n<\/ul><\/div><\/div><\/div><\/div><\/div><\/div><\/div>\n\n\n<style>.kadence-column2563_dae5af-da > .kt-inside-inner-col,.kadence-column2563_dae5af-da > .kt-inside-inner-col:before{border-top-left-radius:0px;border-top-right-radius:0px;border-bottom-right-radius:0px;border-bottom-left-radius:0px;}.kadence-column2563_dae5af-da > .kt-inside-inner-col{column-gap:var(--global-kb-gap-sm, 1rem);}.kadence-column2563_dae5af-da > .kt-inside-inner-col{flex-direction:column;}.kadence-column2563_dae5af-da > .kt-inside-inner-col > .aligncenter{width:100%;}.kadence-column2563_dae5af-da > .kt-inside-inner-col:before{opacity:0.3;}.kadence-column2563_dae5af-da{position:relative;}@media all and (max-width: 1024px){.kadence-column2563_dae5af-da > .kt-inside-inner-col{flex-direction:column;justify-content:center;}}@media all and (max-width: 767px){.kadence-column2563_dae5af-da > .kt-inside-inner-col{flex-direction:column;justify-content:center;}}<\/style>\n<div class=\"wp-block-kadence-column kadence-column2563_dae5af-da\"><div class=\"kt-inside-inner-col\"><style>.wp-block-kadence-advancedgallery.kb-gallery-wrap-id-2563_e81580-76{margin-top:var(--global-kb-spacing-4xl, 8rem);}.wp-block-kadence-advancedgallery.kb-gallery-wrap-id-2563_e81580-76{overflow:hidden;}.kb-gallery-id-2563_e81580-76 .kadence-blocks-gallery-item .kb-gal-image-radius, .kb-gallery-id-2563_e81580-76 .kb-slide-item .kb-gal-image-radius img{border-radius:2px 2px 2px 2px;;}.kb-gallery-wrap-id-2563_e81580-76.wp-block-kadence-advancedgallery{overflow:visible;}.kb-gallery-wrap-id-2563_e81580-76.wp-block-kadence-advancedgallery .kt-blocks-carousel{overflow:visible;}.kb-gallery-id-2563_e81580-76 .splide__arrow{margin-top:0px;}.kb-gallery-id-2563_e81580-76 .splide__pagination__page{background-color:rgba(22,99,152,0.5);}.kb-gallery-id-2563_e81580-76 .splide__pagination__page:hover{background-color:var(--global-palette3, #1A202C);}.kb-gallery-id-2563_e81580-76 .splide__pagination__page.is-active{background-color:var(--global-palette3, #1A202C);}@media all and (max-width: 767px){.wp-block-kadence-advancedgallery.kb-gallery-wrap-id-2563_e81580-76{margin-top:var(--global-kb-spacing-xl, 4rem);}}<\/style><div class=\"kb-gallery-wrap-id-2563_e81580-76 alignnone wp-block-kadence-advancedgallery\"><div class=\"kb-gallery-ul kb-gallery-non-static kb-gallery-type-carousel kb-gallery-id-2563_e81580-76 kb-gallery-caption-style-bottom-hover kb-gallery-filter-none\" data-image-filter=\"none\" data-lightbox-caption=\"true\"><div class=\"kt-blocks-carousel splide kt-carousel-container-dotstyle-custom kt-carousel-arrowstyle-whiteondark kt-carousel-dotstyle-custom kb-slider-group-arrow kb-slider-arrow-position-center\" data-columns-xxl=\"4\" data-columns-xl=\"4\" data-columns-md=\"4\" data-columns-sm=\"3\" data-columns-xs=\"2\" data-columns-ss=\"1\" data-slider-anim-speed=\"400\" data-slider-scroll=\"1\" data-slider-arrows=\"true\" data-slider-dots=\"true\" data-slider-hover-pause=\"false\" data-slider-auto=\"1\" data-slider-speed=\"7000\" data-slider-gap=\"32px\" data-slider-gap-tablet=\"32px\" data-slider-gap-mobile=\"32px\" data-show-pause-button=\"false\" data-slider-label=\"Fotogalerij carrousel\"><div class=\"splide__track\"><ul class=\"kt-blocks-carousel-init kb-gallery-carousel splide__list\"><li class=\"kb-slide-item kb-gallery-carousel-item splide__slide\"><div class=\"kadence-blocks-gallery-item\"><div class=\"kadence-blocks-gallery-item-inner\"><figure class=\"kb-gallery-figure kadence-blocks-gallery-item-hide-caption\"><div class=\"kb-gal-image-radius\"><div class=\"kb-gallery-image-contain kadence-blocks-gallery-intrinsic kb-gallery-image-ratio-square kb-has-image-ratio-square\" ><img loading=\"lazy\" decoding=\"async\" src=\"https:\/\/herdenkingscomiteslavernijverleden.org\/wp-content\/uploads\/2025\/08\/Herdenkingscomite-Slavernijverleden-192-1-min-1024x683.jpg\" width=\"1024\" height=\"683\" alt=\"Smiling man, possibly a participant or speaker at an HC-SLV event, embodying the spirit of dialogue and connection.\" data-full-image=\"https:\/\/herdenkingscomiteslavernijverleden.org\/wp-content\/uploads\/2025\/08\/Herdenkingscomite-Slavernijverleden-192-1-min-scaled.jpg\" data-light-image=\"https:\/\/herdenkingscomiteslavernijverleden.org\/wp-content\/uploads\/2025\/08\/Herdenkingscomite-Slavernijverleden-192-1-min-scaled.jpg\" data-id=\"3125\" class=\"wp-image-3125 skip-lazy\" srcset=\"https:\/\/herdenkingscomiteslavernijverleden.org\/wp-content\/uploads\/2025\/08\/Herdenkingscomite-Slavernijverleden-192-1-min-1024x683.jpg 1024w, https:\/\/herdenkingscomiteslavernijverleden.org\/wp-content\/uploads\/2025\/08\/Herdenkingscomite-Slavernijverleden-192-1-min-300x200.jpg 300w, https:\/\/herdenkingscomiteslavernijverleden.org\/wp-content\/uploads\/2025\/08\/Herdenkingscomite-Slavernijverleden-192-1-min-768x512.jpg 768w, https:\/\/herdenkingscomiteslavernijverleden.org\/wp-content\/uploads\/2025\/08\/Herdenkingscomite-Slavernijverleden-192-1-min-1536x1024.jpg 1536w, https:\/\/herdenkingscomiteslavernijverleden.org\/wp-content\/uploads\/2025\/08\/Herdenkingscomite-Slavernijverleden-192-1-min-2048x1365.jpg 2048w\" sizes=\"auto, (max-width: 1024px) 100vw, 1024px\" \/><\/div><\/div><\/figure><\/div><\/div><\/li><li class=\"kb-slide-item kb-gallery-carousel-item splide__slide\"><div class=\"kadence-blocks-gallery-item\"><div class=\"kadence-blocks-gallery-item-inner\"><figure class=\"kb-gallery-figure kadence-blocks-gallery-item-hide-caption\"><div class=\"kb-gal-image-radius\"><div class=\"kb-gallery-image-contain kadence-blocks-gallery-intrinsic kb-gallery-image-ratio-square kb-has-image-ratio-square\" ><img loading=\"lazy\" decoding=\"async\" src=\"https:\/\/herdenkingscomiteslavernijverleden.org\/wp-content\/uploads\/2025\/08\/Herdenkingscomite-Slavernijverleden-174-1-min-1024x683.jpg\" width=\"1024\" height=\"683\" alt=\"Diverse group of people engaging at an HC-SLV cultural or educational exhibition, fostering intergenerational dialogue on slavery history.\" data-full-image=\"https:\/\/herdenkingscomiteslavernijverleden.org\/wp-content\/uploads\/2025\/08\/Herdenkingscomite-Slavernijverleden-174-1-min-scaled.jpg\" data-light-image=\"https:\/\/herdenkingscomiteslavernijverleden.org\/wp-content\/uploads\/2025\/08\/Herdenkingscomite-Slavernijverleden-174-1-min-scaled.jpg\" data-id=\"3121\" class=\"wp-image-3121 skip-lazy\" srcset=\"https:\/\/herdenkingscomiteslavernijverleden.org\/wp-content\/uploads\/2025\/08\/Herdenkingscomite-Slavernijverleden-174-1-min-1024x683.jpg 1024w, https:\/\/herdenkingscomiteslavernijverleden.org\/wp-content\/uploads\/2025\/08\/Herdenkingscomite-Slavernijverleden-174-1-min-300x200.jpg 300w, https:\/\/herdenkingscomiteslavernijverleden.org\/wp-content\/uploads\/2025\/08\/Herdenkingscomite-Slavernijverleden-174-1-min-768x512.jpg 768w, https:\/\/herdenkingscomiteslavernijverleden.org\/wp-content\/uploads\/2025\/08\/Herdenkingscomite-Slavernijverleden-174-1-min-1536x1025.jpg 1536w, https:\/\/herdenkingscomiteslavernijverleden.org\/wp-content\/uploads\/2025\/08\/Herdenkingscomite-Slavernijverleden-174-1-min-2048x1366.jpg 2048w\" sizes=\"auto, (max-width: 1024px) 100vw, 1024px\" \/><\/div><\/div><\/figure><\/div><\/div><\/li><li class=\"kb-slide-item kb-gallery-carousel-item splide__slide\"><div class=\"kadence-blocks-gallery-item\"><div class=\"kadence-blocks-gallery-item-inner\"><figure class=\"kb-gallery-figure kadence-blocks-gallery-item-hide-caption\"><div class=\"kb-gal-image-radius\"><div class=\"kb-gallery-image-contain kadence-blocks-gallery-intrinsic kb-gallery-image-ratio-square kb-has-image-ratio-square\" ><img loading=\"lazy\" decoding=\"async\" src=\"https:\/\/herdenkingscomiteslavernijverleden.org\/wp-content\/uploads\/2025\/08\/Dialogue-and-Processing1-min-1024x683.jpeg\" width=\"1024\" height=\"683\" alt=\"Diverse audience seated in a hall, participating in an HC-SLV community dialogue or commemoration event focused on shared history and understanding.\" data-full-image=\"https:\/\/herdenkingscomiteslavernijverleden.org\/wp-content\/uploads\/2025\/08\/Dialogue-and-Processing1-min-scaled.jpeg\" data-light-image=\"https:\/\/herdenkingscomiteslavernijverleden.org\/wp-content\/uploads\/2025\/08\/Dialogue-and-Processing1-min-scaled.jpeg\" data-id=\"2762\" class=\"wp-image-2762 skip-lazy\" srcset=\"https:\/\/herdenkingscomiteslavernijverleden.org\/wp-content\/uploads\/2025\/08\/Dialogue-and-Processing1-min-1024x683.jpeg 1024w, https:\/\/herdenkingscomiteslavernijverleden.org\/wp-content\/uploads\/2025\/08\/Dialogue-and-Processing1-min-300x200.jpeg 300w, https:\/\/herdenkingscomiteslavernijverleden.org\/wp-content\/uploads\/2025\/08\/Dialogue-and-Processing1-min-768x512.jpeg 768w, https:\/\/herdenkingscomiteslavernijverleden.org\/wp-content\/uploads\/2025\/08\/Dialogue-and-Processing1-min-1536x1024.jpeg 1536w, https:\/\/herdenkingscomiteslavernijverleden.org\/wp-content\/uploads\/2025\/08\/Dialogue-and-Processing1-min-2048x1365.jpeg 2048w\" sizes=\"auto, (max-width: 1024px) 100vw, 1024px\" \/><\/div><\/div><\/figure><\/div><\/div><\/li><li class=\"kb-slide-item kb-gallery-carousel-item splide__slide\"><div class=\"kadence-blocks-gallery-item\"><div class=\"kadence-blocks-gallery-item-inner\"><figure class=\"kb-gallery-figure kadence-blocks-gallery-item-hide-caption\"><div class=\"kb-gal-image-radius\"><div class=\"kb-gallery-image-contain kadence-blocks-gallery-intrinsic kb-gallery-image-ratio-square kb-has-image-ratio-square\" ><img loading=\"lazy\" decoding=\"async\" src=\"https:\/\/herdenkingscomiteslavernijverleden.org\/wp-content\/uploads\/2025\/08\/Dialogue-and-Processing2-min-1024x683.jpeg\" width=\"1024\" height=\"683\" alt=\"Individuals listening attentively at an HC-SLV educational event or lecture, engaging with discussions on the history and legacy of slavery in the Dutch Kingdom.\" data-full-image=\"https:\/\/herdenkingscomiteslavernijverleden.org\/wp-content\/uploads\/2025\/08\/Dialogue-and-Processing2-min-scaled.jpeg\" data-light-image=\"https:\/\/herdenkingscomiteslavernijverleden.org\/wp-content\/uploads\/2025\/08\/Dialogue-and-Processing2-min-scaled.jpeg\" data-id=\"2766\" class=\"wp-image-2766 skip-lazy\" srcset=\"https:\/\/herdenkingscomiteslavernijverleden.org\/wp-content\/uploads\/2025\/08\/Dialogue-and-Processing2-min-1024x683.jpeg 1024w, https:\/\/herdenkingscomiteslavernijverleden.org\/wp-content\/uploads\/2025\/08\/Dialogue-and-Processing2-min-300x200.jpeg 300w, https:\/\/herdenkingscomiteslavernijverleden.org\/wp-content\/uploads\/2025\/08\/Dialogue-and-Processing2-min-768x512.jpeg 768w, https:\/\/herdenkingscomiteslavernijverleden.org\/wp-content\/uploads\/2025\/08\/Dialogue-and-Processing2-min-1536x1024.jpeg 1536w, https:\/\/herdenkingscomiteslavernijverleden.org\/wp-content\/uploads\/2025\/08\/Dialogue-and-Processing2-min-2048x1365.jpeg 2048w\" sizes=\"auto, (max-width: 1024px) 100vw, 1024px\" \/><\/div><\/div><\/figure><\/div><\/div><\/li><\/ul><\/div><\/div><\/div><\/div><\/div><\/div>\n\n<\/div><\/div>\n\n<style>.kb-row-layout-id2563_9ec860-11 > .kt-row-column-wrap{align-content:start;}:where(.kb-row-layout-id2563_9ec860-11 > .kt-row-column-wrap) > .wp-block-kadence-column{justify-content:start;}.kb-row-layout-id2563_9ec860-11 > .kt-row-column-wrap{column-gap:var(--global-kb-gap-md, 2rem);row-gap:var(--global-kb-gap-md, 2rem);max-width:var( --global-content-width, 1700px );padding-left:var(--global-content-edge-padding);padding-right:var(--global-content-edge-padding);padding-top:var(--global-kb-spacing-4xl, 8rem);padding-bottom:var(--global-kb-spacing-4xl, 8rem);grid-template-columns:minmax(0, 1fr);}.kb-row-layout-id2563_9ec860-11 > .kt-row-layout-overlay{opacity:0.30;}@media all and (max-width: 1024px){.kb-row-layout-id2563_9ec860-11 > .kt-row-column-wrap{grid-template-columns:minmax(0, 1fr);}}@media all and (max-width: 767px){.kb-row-layout-id2563_9ec860-11 > .kt-row-column-wrap{padding-top:var(--global-kb-spacing-xxl, 5rem);padding-bottom:var(--global-kb-spacing-xxl, 5rem);grid-template-columns:minmax(0, 1fr);}}<\/style><div class=\"kb-row-layout-wrap kb-row-layout-id2563_9ec860-11 alignnone wp-block-kadence-rowlayout\"><div class=\"kt-row-column-wrap kt-has-1-columns kt-row-layout-equal kt-tab-layout-inherit kt-mobile-layout-row kt-row-valign-top kb-theme-content-width\">\n<style>.kadence-column2563_8993f8-91 > .kt-inside-inner-col,.kadence-column2563_8993f8-91 > .kt-inside-inner-col:before{border-top-left-radius:0px;border-top-right-radius:0px;border-bottom-right-radius:0px;border-bottom-left-radius:0px;}.kadence-column2563_8993f8-91 > .kt-inside-inner-col{column-gap:var(--global-kb-gap-sm, 1rem);}.kadence-column2563_8993f8-91 > .kt-inside-inner-col{flex-direction:column;}.kadence-column2563_8993f8-91 > .kt-inside-inner-col > .aligncenter{width:100%;}.kadence-column2563_8993f8-91 > .kt-inside-inner-col:before{opacity:0.3;}.kadence-column2563_8993f8-91{position:relative;}@media all and (max-width: 1024px){.kadence-column2563_8993f8-91 > .kt-inside-inner-col{flex-direction:column;justify-content:center;}}@media all and (max-width: 767px){.kadence-column2563_8993f8-91 > .kt-inside-inner-col{flex-direction:column;justify-content:center;}}<\/style>\n<div class=\"wp-block-kadence-column kadence-column2563_8993f8-91\"><div class=\"kt-inside-inner-col\"><style>.kb-row-layout-wrap.wp-block-kadence-rowlayout.kb-row-layout-id2563_5174d5-d1{margin-bottom:var(--global-kb-spacing-xxl, 5rem);}.kb-row-layout-id2563_5174d5-d1 > .kt-row-column-wrap{align-content:start;}:where(.kb-row-layout-id2563_5174d5-d1 > .kt-row-column-wrap) > .wp-block-kadence-column{justify-content:start;}.kb-row-layout-id2563_5174d5-d1 > .kt-row-column-wrap{column-gap:var(--global-kb-gap-lg, 4rem);row-gap:var(--global-kb-gap-md, 2rem);grid-template-columns:repeat(2, minmax(0, 1fr));}.kb-row-layout-id2563_5174d5-d1 > .kt-row-layout-overlay{opacity:0.30;}@media all and (max-width: 1024px){.kb-row-layout-id2563_5174d5-d1 > .kt-row-column-wrap{grid-template-columns:repeat(2, minmax(0, 1fr));}}@media all and (max-width: 767px){.kb-row-layout-id2563_5174d5-d1 > .kt-row-column-wrap{grid-template-columns:minmax(0, 1fr);}}<\/style><div class=\"kb-row-layout-wrap kb-row-layout-id2563_5174d5-d1 alignnone wp-block-kadence-rowlayout\"><div class=\"kt-row-column-wrap kt-has-2-columns kt-row-layout-equal kt-tab-layout-inherit kt-mobile-layout-row kt-row-valign-top\">\n<style>.kadence-column2563_ad26c6-87 > .kt-inside-inner-col,.kadence-column2563_ad26c6-87 > .kt-inside-inner-col:before{border-top-left-radius:0px;border-top-right-radius:0px;border-bottom-right-radius:0px;border-bottom-left-radius:0px;}.kadence-column2563_ad26c6-87 > .kt-inside-inner-col{column-gap:var(--global-kb-gap-sm, 1rem);}.kadence-column2563_ad26c6-87 > .kt-inside-inner-col{flex-direction:column;}.kadence-column2563_ad26c6-87 > .kt-inside-inner-col > .aligncenter{width:100%;}.kadence-column2563_ad26c6-87 > .kt-inside-inner-col:before{opacity:0.3;}.kadence-column2563_ad26c6-87{position:relative;}@media all and (max-width: 1024px){.kadence-column2563_ad26c6-87 > .kt-inside-inner-col{flex-direction:column;justify-content:center;}}@media all and (max-width: 767px){.kadence-column2563_ad26c6-87 > .kt-inside-inner-col{flex-direction:column;justify-content:center;}}<\/style>\n<div class=\"wp-block-kadence-column kadence-column2563_ad26c6-87\"><div class=\"kt-inside-inner-col\"><style>.wp-block-kadence-advancedheading.kt-adv-heading2563_84e571-67, .wp-block-kadence-advancedheading.kt-adv-heading2563_84e571-67[data-kb-block=\"kb-adv-heading2563_84e571-67\"]{font-style:normal;}.wp-block-kadence-advancedheading.kt-adv-heading2563_84e571-67 mark.kt-highlight, .wp-block-kadence-advancedheading.kt-adv-heading2563_84e571-67[data-kb-block=\"kb-adv-heading2563_84e571-67\"] mark.kt-highlight{font-style:normal;color:#f76a0c;-webkit-box-decoration-break:clone;box-decoration-break:clone;padding-top:0px;padding-right:0px;padding-bottom:0px;padding-left:0px;}.wp-block-kadence-advancedheading.kt-adv-heading2563_84e571-67 img.kb-inline-image, .wp-block-kadence-advancedheading.kt-adv-heading2563_84e571-67[data-kb-block=\"kb-adv-heading2563_84e571-67\"] img.kb-inline-image{width:150px;vertical-align:baseline;}<\/style>\n<h2 class=\"kt-adv-heading2563_84e571-67 wp-block-kadence-advancedheading has-theme-palette-6-color has-text-color\" data-kb-block=\"kb-adv-heading2563_84e571-67\"><strong>Het slavernijverleden: een beknopte geschiedenis<\/strong><br><br><\/h2>\n<\/div><\/div>\n\n\n<style>.kadence-column2563_29fd89-7e > .kt-inside-inner-col,.kadence-column2563_29fd89-7e > .kt-inside-inner-col:before{border-top-left-radius:0px;border-top-right-radius:0px;border-bottom-right-radius:0px;border-bottom-left-radius:0px;}.kadence-column2563_29fd89-7e > .kt-inside-inner-col{column-gap:var(--global-kb-gap-sm, 1rem);}.kadence-column2563_29fd89-7e > .kt-inside-inner-col{flex-direction:column;}.kadence-column2563_29fd89-7e > .kt-inside-inner-col > .aligncenter{width:100%;}.kadence-column2563_29fd89-7e > .kt-inside-inner-col:before{opacity:0.3;}.kadence-column2563_29fd89-7e{position:relative;}@media all and (max-width: 1024px){.kadence-column2563_29fd89-7e > .kt-inside-inner-col{flex-direction:column;justify-content:center;}}@media all and (max-width: 767px){.kadence-column2563_29fd89-7e > .kt-inside-inner-col{flex-direction:column;justify-content:center;}}<\/style>\n<div class=\"wp-block-kadence-column kadence-column2563_29fd89-7e\"><div class=\"kt-inside-inner-col\"><style>.wp-block-kadence-advancedheading.kt-adv-heading2563_d68190-91, .wp-block-kadence-advancedheading.kt-adv-heading2563_d68190-91[data-kb-block=\"kb-adv-heading2563_d68190-91\"]{font-style:normal;}.wp-block-kadence-advancedheading.kt-adv-heading2563_d68190-91 mark.kt-highlight, .wp-block-kadence-advancedheading.kt-adv-heading2563_d68190-91[data-kb-block=\"kb-adv-heading2563_d68190-91\"] mark.kt-highlight{font-style:normal;color:#f76a0c;-webkit-box-decoration-break:clone;box-decoration-break:clone;padding-top:0px;padding-right:0px;padding-bottom:0px;padding-left:0px;}.wp-block-kadence-advancedheading.kt-adv-heading2563_d68190-91 img.kb-inline-image, .wp-block-kadence-advancedheading.kt-adv-heading2563_d68190-91[data-kb-block=\"kb-adv-heading2563_d68190-91\"] img.kb-inline-image{width:150px;vertical-align:baseline;}<\/style>\n<p class=\"kt-adv-heading2563_d68190-91 wp-block-kadence-advancedheading\" data-kb-block=\"kb-adv-heading2563_d68190-91\">Het Nederlandse slavernijverleden begon in het begin van de 17e eeuw, toen handelsmaatschappijen zoals de West-Indische Compagnie (WIC) en de Verenigde Oost-Indische Compagnie (VOC) mensen tot slaaf maakten en inzetten in een wereldwijde economie van uitbuiting.<\/p>\n<\/div><\/div>\n\n<\/div><\/div>\n\n<style>.kb-row-layout-id2563_8d34e2-df > .kt-row-column-wrap{align-content:center;}:where(.kb-row-layout-id2563_8d34e2-df > .kt-row-column-wrap) > .wp-block-kadence-column{justify-content:center;}.kb-row-layout-id2563_8d34e2-df > .kt-row-column-wrap{column-gap:var(--global-kb-gap-lg, 4rem);row-gap:var(--global-kb-gap-md, 2rem);padding-top:var(--global-kb-spacing-xl, 4rem);padding-right:0px;padding-bottom:var(--global-kb-spacing-xl, 4rem);padding-left:0px;grid-template-columns:repeat(2, minmax(0, 1fr));}.kb-row-layout-id2563_8d34e2-df{border-top-left-radius:8px;border-top-right-radius:8px;border-bottom-right-radius:8px;border-bottom-left-radius:8px;overflow:clip;isolation:isolate;}.kb-row-layout-id2563_8d34e2-df > .kt-row-layout-overlay{border-top-left-radius:8px;border-top-right-radius:8px;border-bottom-right-radius:8px;border-bottom-left-radius:8px;}.kb-row-layout-id2563_8d34e2-df{background-image:url('https:\/\/herdenkingscomiteslavernijverleden.org\/wp-content\/uploads\/2025\/07\/Group-1.png');background-size:cover;background-position:100% 100%;background-attachment:scroll;background-repeat:no-repeat;}.kb-row-layout-id2563_8d34e2-df > .kt-row-layout-overlay{opacity:0.30;}@media all and (max-width: 1024px){.kb-row-layout-id2563_8d34e2-df > .kt-row-column-wrap{grid-template-columns:repeat(2, minmax(0, 1fr));}}@media all and (max-width: 767px){.kb-row-layout-id2563_8d34e2-df > .kt-row-column-wrap{grid-template-columns:minmax(0, 1fr);}}<\/style><div class=\"kb-row-layout-wrap kb-row-layout-id2563_8d34e2-df alignnone has-theme-palette8-background-color kt-row-has-bg wp-block-kadence-rowlayout\"><div class=\"kt-row-column-wrap kt-has-2-columns kt-row-layout-equal kt-tab-layout-inherit kt-mobile-layout-row kt-row-valign-middle\">\n<style>.kadence-column2563_68979e-0c > .kt-inside-inner-col,.kadence-column2563_68979e-0c > .kt-inside-inner-col:before{border-top-left-radius:0px;border-top-right-radius:0px;border-bottom-right-radius:0px;border-bottom-left-radius:0px;}.kadence-column2563_68979e-0c > .kt-inside-inner-col{column-gap:var(--global-kb-gap-sm, 1rem);}.kadence-column2563_68979e-0c > .kt-inside-inner-col{flex-direction:column;}.kadence-column2563_68979e-0c > .kt-inside-inner-col > .aligncenter{width:100%;}.kadence-column2563_68979e-0c > .kt-inside-inner-col:before{opacity:0.3;}.kadence-column2563_68979e-0c{position:relative;}@media all and (max-width: 1024px){.kadence-column2563_68979e-0c > .kt-inside-inner-col{flex-direction:column;justify-content:center;}}@media all and (max-width: 767px){.kadence-column2563_68979e-0c > .kt-inside-inner-col{flex-direction:column;justify-content:center;}}.kadence-column2563_68979e-0c,.kadence-column2563_68979e-0c * {height: 100%;}.kadence-column2563_68979e-0c img{  object-fit: cover;}@media(max-width:1024px){  .kadence-column2563_68979e-0c,.kadence-column2563_68979e-0c * {   height: initial;  } }<\/style>\n<div class=\"wp-block-kadence-column kadence-column2563_68979e-0c\"><div class=\"kt-inside-inner-col\"><style>.kb-image2563_2dd2b8-3a .kb-image-has-overlay:after{opacity:0.3;}<\/style>\n<figure class=\"wp-block-kadence-image kb-image2563_2dd2b8-3a\"><img loading=\"lazy\" decoding=\"async\" width=\"2560\" height=\"1707\" src=\"https:\/\/herdenkingscomiteslavernijverleden.org\/wp-content\/uploads\/2026\/01\/two-dancing-girls-scaled.jpg\" alt=\"\" class=\"kb-img wp-image-3973\" srcset=\"https:\/\/herdenkingscomiteslavernijverleden.org\/wp-content\/uploads\/2026\/01\/two-dancing-girls-scaled.jpg 2560w, https:\/\/herdenkingscomiteslavernijverleden.org\/wp-content\/uploads\/2026\/01\/two-dancing-girls-300x200.jpg 300w, https:\/\/herdenkingscomiteslavernijverleden.org\/wp-content\/uploads\/2026\/01\/two-dancing-girls-1024x683.jpg 1024w, https:\/\/herdenkingscomiteslavernijverleden.org\/wp-content\/uploads\/2026\/01\/two-dancing-girls-768x512.jpg 768w, https:\/\/herdenkingscomiteslavernijverleden.org\/wp-content\/uploads\/2026\/01\/two-dancing-girls-1536x1024.jpg 1536w, https:\/\/herdenkingscomiteslavernijverleden.org\/wp-content\/uploads\/2026\/01\/two-dancing-girls-2048x1365.jpg 2048w\" sizes=\"auto, (max-width: 2560px) 100vw, 2560px\" \/><\/figure>\n<\/div><\/div>\n\n\n<style>.kadence-column2563_d4ba62-bf > .kt-inside-inner-col,.kadence-column2563_d4ba62-bf > .kt-inside-inner-col:before{border-top-left-radius:0px;border-top-right-radius:0px;border-bottom-right-radius:0px;border-bottom-left-radius:0px;}.kadence-column2563_d4ba62-bf > .kt-inside-inner-col{column-gap:var(--global-kb-gap-sm, 1rem);}.kadence-column2563_d4ba62-bf > .kt-inside-inner-col{flex-direction:column;}.kadence-column2563_d4ba62-bf > .kt-inside-inner-col > .aligncenter{width:100%;}.kadence-column2563_d4ba62-bf > .kt-inside-inner-col:before{opacity:0.3;}.kadence-column2563_d4ba62-bf{position:relative;}.kadence-column2563_d4ba62-bf, .kt-inside-inner-col > .kadence-column2563_d4ba62-bf:not(.specificity){margin-right:var(--global-kb-spacing-3xl, 6.5rem);}@media all and (max-width: 1024px){.kadence-column2563_d4ba62-bf > .kt-inside-inner-col{flex-direction:column;justify-content:center;}}@media all and (max-width: 767px){.kadence-column2563_d4ba62-bf > .kt-inside-inner-col{flex-direction:column;justify-content:center;}.kadence-column2563_d4ba62-bf, .kt-inside-inner-col > .kadence-column2563_d4ba62-bf:not(.specificity){margin-right:var(--global-kb-spacing-sm, 1.5rem);margin-bottom:var(--global-kb-spacing-md, 2rem);margin-left:var(--global-kb-spacing-sm, 1.5rem);}}<\/style>\n<div class=\"wp-block-kadence-column kadence-column2563_d4ba62-bf\"><div class=\"kt-inside-inner-col\"><style>.kb-advanced-slider-2563_87f2ff-a1{--kb-adv-slider-gap:0px;}.kb-advanced-slider-2563_87f2ff-a1 .kb-slider-size-fixed .kb-advanced-slide-inner-wrap{min-height:400px;}.kb-advanced-slider-2563_87f2ff-a1 .kb-advanced-slide-inner-wrap{padding-top:0px;padding-right:0px;padding-bottom:0px;padding-left:0px;}.kb-advanced-slider-2563_87f2ff-a1 .kb-slider-pause-button{color:#fff;background-color:rgba(0, 0, 0, 0.8);border:1px solid transparent;}.kb-advanced-slider-2563_87f2ff-a1 .splide__pagination__page{opacity:1;}.kb-advanced-slider-2563_87f2ff-a1 .splide__pagination__page{background-color:rgba(22,99,152,0.5);}.kb-advanced-slider-2563_87f2ff-a1 .splide__pagination__page:hover{background-color:var(--global-palette3, #1A202C);}.kb-advanced-slider-2563_87f2ff-a1 .splide__pagination__page.is-active{background-color:var(--global-palette3, #1A202C);}@media all and (max-width: 1024px){.kb-advanced-slider-2563_87f2ff-a1 .kb-slider-size-fixed .kb-advanced-slide-inner-wrap{min-height:200px;}}<\/style><div class=\"kb-advanced-slider kb-advanced-slider-2563_87f2ff-a1 wp-block-kadence-slider\"><div class=\"kb-advanced-slider-inner-contain kb-adv-slider-html-version-2\"><div class=\"kb-blocks-advanced-carousel kt-blocks-carousel kt-carousel-container-dotstyle-custom\"><div class=\"kb-blocks-advanced-slider-init kb-slider-loading kb-blocks-slider kt-carousel-arrowstyle-none kt-carousel-dotstyle-custom kb-slider-size-fixed kb-slider-type-slider kb-slider-ratio-4-3 kb-slider-group-arrow kb-slider-arrow-position-center kb-slider-tab-ratio-inherit kb-slider-mobile-ratio-inherit splide kb-splide  kb-slider-version-2\" aria-label=\"Slider content\" data-slider-center-mode=\"true\" data-slider-type=\"slider\" data-loop-type=\"loop\" data-columns-xxl=\"3\" data-columns-xl=\"3\" data-columns-md=\"3\" data-columns-sm=\"2\" data-columns-xs=\"1\" data-columns-ss=\"1\" data-slider-anim-speed=\"500\" data-slider-scroll=\"1\" data-slider-fade=\"false\" data-slider-arrows=\"false\" data-slider-dots=\"true\" data-slider-hover-pause=\"false\" data-slider-auto=\"true\"  data-dragging=\"true\" data-slider-speed=\"5000\" data-slider-gap=\"0\" data-slider-gap-tablet=\"0\" data-slider-gap-mobile=\"0\" data-slider-gap-unit=\"px\"><div class=\"splide__track\"><ul class=\"splide__list\">\n\n<li class=\"wp-block-kadence-slide kb-advanced-slide-item kb-slide-2563_2dfd4a-87\"><div class=\"kb-advanced-slide\"><div class=\"kb-advanced-slide-inner-wrap kb-slide-align-left\"><div class=\"kb-advanced-slide-inner\"><style>.wp-block-kadence-advancedheading.kt-adv-heading2563_89f161-fa, .wp-block-kadence-advancedheading.kt-adv-heading2563_89f161-fa[data-kb-block=\"kb-adv-heading2563_89f161-fa\"]{margin-bottom:var(--global-kb-spacing-xs, 1rem);line-height:1.3;font-style:normal;}.wp-block-kadence-advancedheading.kt-adv-heading2563_89f161-fa mark.kt-highlight, .wp-block-kadence-advancedheading.kt-adv-heading2563_89f161-fa[data-kb-block=\"kb-adv-heading2563_89f161-fa\"] mark.kt-highlight{font-style:normal;color:#f76a0c;-webkit-box-decoration-break:clone;box-decoration-break:clone;padding-top:0px;padding-right:0px;padding-bottom:0px;padding-left:0px;}.wp-block-kadence-advancedheading.kt-adv-heading2563_89f161-fa img.kb-inline-image, .wp-block-kadence-advancedheading.kt-adv-heading2563_89f161-fa[data-kb-block=\"kb-adv-heading2563_89f161-fa\"] img.kb-inline-image{width:150px;vertical-align:baseline;}<\/style>\n<h3 class=\"kt-adv-heading2563_89f161-fa wp-block-kadence-advancedheading has-theme-palette-6-color has-text-color\" data-kb-block=\"kb-adv-heading2563_89f161-fa\"><strong>Samen herinneren, samen vooruitgaan<\/strong><\/h3>\n\n\n<style>.wp-block-kadence-advancedheading.kt-adv-heading2563_2c4bf6-71, .wp-block-kadence-advancedheading.kt-adv-heading2563_2c4bf6-71[data-kb-block=\"kb-adv-heading2563_2c4bf6-71\"]{font-size:var(--global-kb-font-size-md, 1.25rem);font-style:normal;}.wp-block-kadence-advancedheading.kt-adv-heading2563_2c4bf6-71 mark.kt-highlight, .wp-block-kadence-advancedheading.kt-adv-heading2563_2c4bf6-71[data-kb-block=\"kb-adv-heading2563_2c4bf6-71\"] mark.kt-highlight{font-style:normal;color:#f76a0c;-webkit-box-decoration-break:clone;box-decoration-break:clone;padding-top:0px;padding-right:0px;padding-bottom:0px;padding-left:0px;}.wp-block-kadence-advancedheading.kt-adv-heading2563_2c4bf6-71 img.kb-inline-image, .wp-block-kadence-advancedheading.kt-adv-heading2563_2c4bf6-71[data-kb-block=\"kb-adv-heading2563_2c4bf6-71\"] img.kb-inline-image{width:150px;vertical-align:baseline;}<\/style>\n<p class=\"kt-adv-heading2563_2c4bf6-71 wp-block-kadence-advancedheading\" data-kb-block=\"kb-adv-heading2563_2c4bf6-71\">In naam van handel en rijkdom werden honderdduizenden mensen uit West-Afrika \u00e9n uit Azi\u00eb ontvoerd, verhandeld en tot bezit gemaakt. Zij werden tegen hun wil naar koloni\u00ebn vervoerd, waaronder Suriname, Aruba, Cura\u00e7ao, Bonaire, Sint Eustatius, Saba, Sint Maarten, Indonesi\u00eb, Sri Lanka en Zuid-Afrika.<br><br>Op de plantages, in huishoudens, havens en mijnen moesten zij onder zware dwang en vaak gewelddadige omstandigheden werken. De Nederlandse staat legitimeerde dit systeem juridisch en economisch, en profiteerde er op grote schaal van. Slavernij was geen uitzondering, maar een fundament van het koloniale systeem. Ook Inheemse volken, bijvoorbeeld op het Zuid-Amerikaanse vasteland en in het Caribisch gebied, werden van hun land beroofd, onderdrukt en soms eveneens tot slaaf gemaakt. Hun geschiedenis en strijd vormen een essentieel, maar vaak vergeten, onderdeel van dit verleden.<\/p>\n<\/div><\/div><\/div><\/li>\n\n\n\n<li class=\"wp-block-kadence-slide kb-advanced-slide-item kb-slide-2563_2ad1fd-ed\"><div class=\"kb-advanced-slide\"><div class=\"kb-advanced-slide-inner-wrap kb-slide-align-left\"><div class=\"kb-advanced-slide-inner\"><style>.wp-block-kadence-advancedheading.kt-adv-heading2563_130870-d8, .wp-block-kadence-advancedheading.kt-adv-heading2563_130870-d8[data-kb-block=\"kb-adv-heading2563_130870-d8\"]{max-width:768px;font-size:var(--global-kb-font-size-md, 1.25rem);font-style:normal;}.wp-block-kadence-advancedheading.kt-adv-heading2563_130870-d8 mark.kt-highlight, .wp-block-kadence-advancedheading.kt-adv-heading2563_130870-d8[data-kb-block=\"kb-adv-heading2563_130870-d8\"] mark.kt-highlight{font-style:normal;color:#f76a0c;-webkit-box-decoration-break:clone;box-decoration-break:clone;padding-top:0px;padding-right:0px;padding-bottom:0px;padding-left:0px;}.wp-block-kadence-advancedheading.kt-adv-heading2563_130870-d8 img.kb-inline-image, .wp-block-kadence-advancedheading.kt-adv-heading2563_130870-d8[data-kb-block=\"kb-adv-heading2563_130870-d8\"] img.kb-inline-image{width:150px;vertical-align:baseline;}<\/style>\n<p class=\"kt-adv-heading2563_130870-d8 wp-block-kadence-advancedheading\" data-kb-block=\"kb-adv-heading2563_130870-d8\">Tegelijkertijd was er voortdurend verzet. Tot slaaf gemaakten pleegden opstanden, vluchtten weg of stichtten vrije gemeenschappen, zoals de Marrons in Suriname.<br><br>Op Cura\u00e7ao leidde Tula in 1795 een grootschalige opstand tegen het slavernijsysteem. Ook op andere eilanden werd verzet gepleegd door krachtige figuren als One T\u00e9t\u00e9 Lohkay op Sint Maarten, die ondanks zwaar lichamelijk letsel bleef vluchten en anderen tot verzet aanzette, en Sablika op Sint Eustatius, die volgens de overlevering liever haar leven gaf dan haar vrijheid. In verschillende delen van het Koninkrijk hielden Inheemse en tot slaaf gemaakte mensen hun taal, rituelen en culturele tradities in leven. Als daad van kracht, overleving en zelfbehoud.<br><br>Op 1 juli 1863 schafte Nederland formeel de slavernij af. Maar pas in 1873, na tien jaar verplichte Staatstoezicht, kwam er voor velen in Suriname pas een einde aan de dwangarbeid. Daar begon toen bovendien een nieuwe fase van uitbuiting, met de komst van contractarbeiders uit India en Java. Deze contractarbeiders werkten onder vergelijkbare omstandigheden van afhankelijkheid en controle als tijdens de periode van slavernij. Ook op Cura\u00e7ao werden mensen in het zogenaamde paga-terra systeem gedwongen om voor een schijntje te werken op het land van voormalige plantage-eigenaren. Het was een vorm van doorlopende koloniale ongelijkheid die geen echte vrijheid bood.<br><\/p>\n<\/div><\/div><\/div><\/li>\n\n\n\n<li class=\"wp-block-kadence-slide kb-advanced-slide-item kb-slide-2563_7c62f9-f0\"><div class=\"kb-advanced-slide\"><div class=\"kb-advanced-slide-inner-wrap kb-slide-align-left\"><div class=\"kb-advanced-slide-inner\"><style>.wp-block-kadence-advancedheading.kt-adv-heading2563_b3103a-2b, .wp-block-kadence-advancedheading.kt-adv-heading2563_b3103a-2b[data-kb-block=\"kb-adv-heading2563_b3103a-2b\"]{max-width:768px;font-size:var(--global-kb-font-size-md, 1.25rem);font-style:normal;}.wp-block-kadence-advancedheading.kt-adv-heading2563_b3103a-2b mark.kt-highlight, .wp-block-kadence-advancedheading.kt-adv-heading2563_b3103a-2b[data-kb-block=\"kb-adv-heading2563_b3103a-2b\"] mark.kt-highlight{font-style:normal;color:#f76a0c;-webkit-box-decoration-break:clone;box-decoration-break:clone;padding-top:0px;padding-right:0px;padding-bottom:0px;padding-left:0px;}.wp-block-kadence-advancedheading.kt-adv-heading2563_b3103a-2b img.kb-inline-image, .wp-block-kadence-advancedheading.kt-adv-heading2563_b3103a-2b[data-kb-block=\"kb-adv-heading2563_b3103a-2b\"] img.kb-inline-image{width:150px;vertical-align:baseline;}<\/style>\n<p class=\"kt-adv-heading2563_b3103a-2b wp-block-kadence-advancedheading\" data-kb-block=\"kb-adv-heading2563_b3103a-2b\">De gevolgen van dit verleden zijn tot op de dag van vandaag voelbaar in de Nederlandse samenleving. Racistische denkbeelden en machtsstructuren uit het koloniale tijdperk leven vaak ongemerkt voort in hedendaagse instituties en verhoudingen. Ongelijkheid werkt door in het onderwijs, waar leerlingen van kleur structureel lagere adviezen krijgen, op de woning- en arbeidsmarkt, in culturele representatie, in erfgoedinstellingen en in taalgebruik. <br> <\/p>\n<\/div><\/div><\/div><\/li>\n\n<\/ul><\/div><\/div><\/div><\/div><\/div><\/div><\/div>\n\n<\/div><\/div><\/div><\/div>\n\n<\/div><\/div>\n\n<style>.kb-row-layout-id2563_1269ee-5a > .kt-row-column-wrap{align-content:start;}:where(.kb-row-layout-id2563_1269ee-5a > .kt-row-column-wrap) > .wp-block-kadence-column{justify-content:start;}.kb-row-layout-id2563_1269ee-5a > .kt-row-column-wrap{column-gap:var(--global-kb-gap-lg, 4rem);row-gap:var(--global-kb-gap-md, 2rem);max-width:var( --global-content-width, 1700px );padding-left:var(--global-content-edge-padding);padding-right:var(--global-content-edge-padding);padding-top:var(--global-kb-spacing-4xl, 8rem);padding-bottom:var(--global-kb-spacing-4xl, 8rem);grid-template-columns:repeat(2, minmax(0, 1fr));}.kb-row-layout-id2563_1269ee-5a > .kt-row-layout-overlay{opacity:0.30;}@media all and (max-width: 1024px){.kb-row-layout-id2563_1269ee-5a > .kt-row-column-wrap{grid-template-columns:repeat(2, minmax(0, 1fr));}}@media all and (max-width: 767px){.kb-row-layout-id2563_1269ee-5a > .kt-row-column-wrap{padding-top:var(--global-kb-spacing-xxl, 5rem);padding-bottom:var(--global-kb-spacing-xxl, 5rem);grid-template-columns:minmax(0, 1fr);}}<\/style><div class=\"kb-row-layout-wrap kb-row-layout-id2563_1269ee-5a alignnone has-theme-palette8-background-color kt-row-has-bg wp-block-kadence-rowlayout\"><div class=\"kt-row-column-wrap kt-has-2-columns kt-row-layout-equal kt-tab-layout-inherit kt-mobile-layout-row kt-row-valign-top kb-theme-content-width\">\n<style>.kadence-column2563_10c217-0d > .kt-inside-inner-col,.kadence-column2563_10c217-0d > .kt-inside-inner-col:before{border-top-left-radius:0px;border-top-right-radius:0px;border-bottom-right-radius:0px;border-bottom-left-radius:0px;}.kadence-column2563_10c217-0d > .kt-inside-inner-col{column-gap:var(--global-kb-gap-sm, 1rem);}.kadence-column2563_10c217-0d > .kt-inside-inner-col{flex-direction:column;}.kadence-column2563_10c217-0d > .kt-inside-inner-col > .aligncenter{width:100%;}.kadence-column2563_10c217-0d > .kt-inside-inner-col:before{opacity:0.3;}.kadence-column2563_10c217-0d{position:relative;}@media all and (max-width: 1024px){.kadence-column2563_10c217-0d > .kt-inside-inner-col{flex-direction:column;justify-content:center;}}@media all and (max-width: 767px){.kadence-column2563_10c217-0d > .kt-inside-inner-col{flex-direction:column;justify-content:center;}}<\/style>\n<div class=\"wp-block-kadence-column kadence-column2563_10c217-0d\"><div class=\"kt-inside-inner-col\"><style>.kb-advanced-slider-2563_095a98-c6{--kb-adv-slider-gap:0px;}.kb-advanced-slider-2563_095a98-c6 .kb-slider-size-fixed .kb-advanced-slide-inner-wrap{min-height:400px;}.kb-advanced-slider-2563_095a98-c6 .kb-advanced-slide-inner-wrap{padding-top:0px;padding-right:0px;padding-bottom:0px;padding-left:0px;}.kb-advanced-slider-2563_095a98-c6 .kb-slider-pause-button{color:#fff;background-color:rgba(0, 0, 0, 0.8);border:1px solid transparent;}.kb-advanced-slider-2563_095a98-c6 .splide__pagination__page{opacity:1;}.kb-advanced-slider-2563_095a98-c6 .splide__pagination__page{background-color:rgba(22,99,152,0.5);}.kb-advanced-slider-2563_095a98-c6 .splide__pagination__page:hover{background-color:var(--global-palette3, #1A202C);}.kb-advanced-slider-2563_095a98-c6 .splide__pagination__page.is-active{background-color:var(--global-palette3, #1A202C);}@media all and (max-width: 1024px){.kb-advanced-slider-2563_095a98-c6 .kb-slider-size-fixed .kb-advanced-slide-inner-wrap{min-height:200px;}}<\/style><div class=\"kb-advanced-slider kb-advanced-slider-2563_095a98-c6 wp-block-kadence-slider\"><div class=\"kb-advanced-slider-inner-contain kb-adv-slider-html-version-2\"><div class=\"kb-blocks-advanced-carousel kt-blocks-carousel kt-carousel-container-dotstyle-custom\"><div class=\"kb-blocks-advanced-slider-init kb-slider-loading kb-blocks-slider kt-carousel-arrowstyle-none kt-carousel-dotstyle-custom kb-slider-size-fixed kb-slider-type-slider kb-slider-ratio-4-3 kb-slider-group-arrow kb-slider-arrow-position-center kb-slider-tab-ratio-inherit kb-slider-mobile-ratio-inherit splide kb-splide  kb-slider-version-2\" aria-label=\"Slider content\" data-slider-center-mode=\"true\" data-slider-type=\"slider\" data-loop-type=\"loop\" data-columns-xxl=\"3\" data-columns-xl=\"3\" data-columns-md=\"3\" data-columns-sm=\"2\" data-columns-xs=\"1\" data-columns-ss=\"1\" data-slider-anim-speed=\"500\" data-slider-scroll=\"1\" data-slider-fade=\"false\" data-slider-arrows=\"false\" data-slider-dots=\"true\" data-slider-hover-pause=\"false\" data-slider-auto=\"true\"  data-dragging=\"true\" data-slider-speed=\"5000\" data-slider-gap=\"0\" data-slider-gap-tablet=\"0\" data-slider-gap-mobile=\"0\" data-slider-gap-unit=\"px\"><div class=\"splide__track\"><ul class=\"splide__list\">\n\n<li class=\"wp-block-kadence-slide kb-advanced-slide-item kb-slide-2563_f203ae-c2\"><div class=\"kb-advanced-slide\"><div class=\"kb-advanced-slide-inner-wrap kb-slide-align-left kb-slide-valign-top\"><div class=\"kb-advanced-slide-inner\"><style>.wp-block-kadence-advancedheading.kt-adv-heading2563_12b5c6-a2, .wp-block-kadence-advancedheading.kt-adv-heading2563_12b5c6-a2[data-kb-block=\"kb-adv-heading2563_12b5c6-a2\"]{margin-bottom:var(--global-kb-spacing-xs, 1rem);font-style:normal;}.wp-block-kadence-advancedheading.kt-adv-heading2563_12b5c6-a2 mark.kt-highlight, .wp-block-kadence-advancedheading.kt-adv-heading2563_12b5c6-a2[data-kb-block=\"kb-adv-heading2563_12b5c6-a2\"] mark.kt-highlight{font-style:normal;color:#f76a0c;-webkit-box-decoration-break:clone;box-decoration-break:clone;padding-top:0px;padding-right:0px;padding-bottom:0px;padding-left:0px;}.wp-block-kadence-advancedheading.kt-adv-heading2563_12b5c6-a2 img.kb-inline-image, .wp-block-kadence-advancedheading.kt-adv-heading2563_12b5c6-a2[data-kb-block=\"kb-adv-heading2563_12b5c6-a2\"] img.kb-inline-image{width:150px;vertical-align:baseline;}<\/style>\n<h3 class=\"kt-adv-heading2563_12b5c6-a2 wp-block-kadence-advancedheading has-theme-palette-6-color has-text-color\" data-kb-block=\"kb-adv-heading2563_12b5c6-a2\">Een verleden dat spreekt,<br>een toekomst die luistert<\/h3>\n\n\n<style>.wp-block-kadence-advancedheading.kt-adv-heading2563_a0970f-41, .wp-block-kadence-advancedheading.kt-adv-heading2563_a0970f-41[data-kb-block=\"kb-adv-heading2563_a0970f-41\"]{font-size:var(--global-kb-font-size-md, 1.25rem);font-style:normal;}.wp-block-kadence-advancedheading.kt-adv-heading2563_a0970f-41 mark.kt-highlight, .wp-block-kadence-advancedheading.kt-adv-heading2563_a0970f-41[data-kb-block=\"kb-adv-heading2563_a0970f-41\"] mark.kt-highlight{font-style:normal;color:#f76a0c;-webkit-box-decoration-break:clone;box-decoration-break:clone;padding-top:0px;padding-right:0px;padding-bottom:0px;padding-left:0px;}.wp-block-kadence-advancedheading.kt-adv-heading2563_a0970f-41 img.kb-inline-image, .wp-block-kadence-advancedheading.kt-adv-heading2563_a0970f-41[data-kb-block=\"kb-adv-heading2563_a0970f-41\"] img.kb-inline-image{width:150px;vertical-align:baseline;}<\/style>\n<p class=\"kt-adv-heading2563_a0970f-41 wp-block-kadence-advancedheading\" data-kb-block=\"kb-adv-heading2563_a0970f-41\">Maar het verleden leeft niet alleen voort in pijn en trauma. Deze geschiedenis draagt ook verhalen van trots, strijd en veerkracht. De kracht van de voorouders, die overleefden, zich verzetten en gemeenschappen vormden, inspireert tot op de dag van vandaag. Verzetshelden als Anton de Kom, die in de twintigste eeuw het kolonialisme en racisme bleef aanklagen in Suriname en Nederland, laten zien dat deze strijd generaties overstijgt.<br><br>Het Herdenkingscomit\u00e9 Slavernijverleden werkt aan blijvende erkenning van dit verleden. We cre\u00ebren ruimte voor educatie, herdenking, herstel en bewustwording, in elke regio van het Koninkrijk.<br><\/p>\n<\/div><\/div><\/div><\/li>\n\n<\/ul><\/div><\/div><\/div><\/div><\/div><\/div><\/div>\n\n\n<style>.kadence-column2563_4bfcc1-31 > .kt-inside-inner-col,.kadence-column2563_4bfcc1-31 > .kt-inside-inner-col:before{border-top-left-radius:0px;border-top-right-radius:0px;border-bottom-right-radius:0px;border-bottom-left-radius:0px;}.kadence-column2563_4bfcc1-31 > .kt-inside-inner-col{column-gap:var(--global-kb-gap-sm, 1rem);}.kadence-column2563_4bfcc1-31 > .kt-inside-inner-col{flex-direction:column;}.kadence-column2563_4bfcc1-31 > .kt-inside-inner-col > .aligncenter{width:100%;}.kadence-column2563_4bfcc1-31 > .kt-inside-inner-col{background-image:url('https:\/\/herdenkingscomiteslavernijverleden.org\/wp-content\/uploads\/2025\/07\/Group-10.png');background-size:60% auto;background-position:100% 100%;background-attachment:scroll;background-repeat:no-repeat;}.kadence-column2563_4bfcc1-31 > .kt-inside-inner-col:before{opacity:0.3;}.kadence-column2563_4bfcc1-31{position:relative;}@media all and (max-width: 1024px){.kadence-column2563_4bfcc1-31 > .kt-inside-inner-col{flex-direction:column;justify-content:center;}}@media all and (max-width: 767px){.kadence-column2563_4bfcc1-31 > .kt-inside-inner-col{flex-direction:column;justify-content:center;}}<\/style>\n<div class=\"wp-block-kadence-column kadence-column2563_4bfcc1-31\"><div class=\"kt-inside-inner-col\"><style>.wp-block-kadence-image.kb-image2563_c1bf80-b7{position:relative;z-index:-1;}.kb-image2563_c1bf80-b7 .kb-image-has-overlay:after{opacity:0.3;border-top-left-radius:8px;border-top-right-radius:8px;border-bottom-right-radius:8px;border-bottom-left-radius:8px;}.kb-image2563_c1bf80-b7 img.kb-img, .kb-image2563_c1bf80-b7 .kb-img img{border-top-left-radius:8px;border-top-right-radius:8px;border-bottom-right-radius:8px;border-bottom-left-radius:8px;}<\/style>\n<figure class=\"wp-block-kadence-image kb-image2563_c1bf80-b7 kb-image-is-ratio-size\"><div class=\"kb-is-ratio-image kb-image-ratio-square\"><img loading=\"lazy\" decoding=\"async\" width=\"602\" height=\"602\" src=\"https:\/\/herdenkingscomiteslavernijverleden.org\/wp-content\/uploads\/2025\/08\/History-of-slavery-context-602x602px-Foto-1-1.jpg\" alt=\"\" class=\"kb-img wp-image-2296\" srcset=\"https:\/\/herdenkingscomiteslavernijverleden.org\/wp-content\/uploads\/2025\/08\/History-of-slavery-context-602x602px-Foto-1-1.jpg 602w, https:\/\/herdenkingscomiteslavernijverleden.org\/wp-content\/uploads\/2025\/08\/History-of-slavery-context-602x602px-Foto-1-1-300x300.jpg 300w, https:\/\/herdenkingscomiteslavernijverleden.org\/wp-content\/uploads\/2025\/08\/History-of-slavery-context-602x602px-Foto-1-1-150x150.jpg 150w\" sizes=\"auto, (max-width: 602px) 100vw, 602px\" \/><\/div><\/figure>\n<\/div><\/div>\n\n<\/div><\/div>\n\n<style>.kb-row-layout-id2563_2f8f6c-d3 > .kt-row-column-wrap{align-content:start;}:where(.kb-row-layout-id2563_2f8f6c-d3 > .kt-row-column-wrap) > .wp-block-kadence-column{justify-content:start;}.kb-row-layout-id2563_2f8f6c-d3 > .kt-row-column-wrap{column-gap:var(--global-kb-gap-md, 2rem);row-gap:var(--global-kb-gap-md, 2rem);max-width:var( --global-content-width, 1700px );padding-left:var(--global-content-edge-padding);padding-right:var(--global-content-edge-padding);padding-top:var(--global-kb-spacing-4xl, 8rem);padding-bottom:var(--global-kb-spacing-4xl, 8rem);grid-template-columns:minmax(0, 1fr);}.kb-row-layout-id2563_2f8f6c-d3 > .kt-row-layout-overlay{opacity:0.30;}@media all and (max-width: 1024px){.kb-row-layout-id2563_2f8f6c-d3 > .kt-row-column-wrap{grid-template-columns:minmax(0, 1fr);}}@media all and (max-width: 767px){.kb-row-layout-id2563_2f8f6c-d3 > .kt-row-column-wrap{padding-top:var(--global-kb-spacing-xxl, 5rem);padding-bottom:var(--global-kb-spacing-xxl, 5rem);grid-template-columns:minmax(0, 1fr);}}<\/style><div class=\"kb-row-layout-wrap kb-row-layout-id2563_2f8f6c-d3 alignnone wp-block-kadence-rowlayout\"><div class=\"kt-row-column-wrap kt-has-1-columns kt-row-layout-equal kt-tab-layout-inherit kt-mobile-layout-row kt-row-valign-top kb-theme-content-width\">\n<style>.kadence-column2563_b28d06-08 > .kt-inside-inner-col,.kadence-column2563_b28d06-08 > .kt-inside-inner-col:before{border-top-left-radius:0px;border-top-right-radius:0px;border-bottom-right-radius:0px;border-bottom-left-radius:0px;}.kadence-column2563_b28d06-08 > .kt-inside-inner-col{column-gap:var(--global-kb-gap-sm, 1rem);}.kadence-column2563_b28d06-08 > .kt-inside-inner-col{flex-direction:column;}.kadence-column2563_b28d06-08 > .kt-inside-inner-col > .aligncenter{width:100%;}.kadence-column2563_b28d06-08 > .kt-inside-inner-col:before{opacity:0.3;}.kadence-column2563_b28d06-08{position:relative;}@media all and (max-width: 1024px){.kadence-column2563_b28d06-08 > .kt-inside-inner-col{flex-direction:column;justify-content:center;}}@media all and (max-width: 767px){.kadence-column2563_b28d06-08 > .kt-inside-inner-col{flex-direction:column;justify-content:center;}}<\/style>\n<div class=\"wp-block-kadence-column kadence-column2563_b28d06-08\"><div class=\"kt-inside-inner-col\"><style>.wp-block-kadence-advancedheading.kt-adv-heading2563_69060e-00, .wp-block-kadence-advancedheading.kt-adv-heading2563_69060e-00[data-kb-block=\"kb-adv-heading2563_69060e-00\"]{margin-bottom:var(--global-kb-spacing-xs, 1rem);text-align:center;font-style:normal;}.wp-block-kadence-advancedheading.kt-adv-heading2563_69060e-00 mark.kt-highlight, .wp-block-kadence-advancedheading.kt-adv-heading2563_69060e-00[data-kb-block=\"kb-adv-heading2563_69060e-00\"] mark.kt-highlight{font-style:normal;color:#f76a0c;-webkit-box-decoration-break:clone;box-decoration-break:clone;padding-top:0px;padding-right:0px;padding-bottom:0px;padding-left:0px;}.wp-block-kadence-advancedheading.kt-adv-heading2563_69060e-00 img.kb-inline-image, .wp-block-kadence-advancedheading.kt-adv-heading2563_69060e-00[data-kb-block=\"kb-adv-heading2563_69060e-00\"] img.kb-inline-image{width:150px;vertical-align:baseline;}<\/style>\n<h2 class=\"kt-adv-heading2563_69060e-00 wp-block-kadence-advancedheading has-theme-palette-6-color has-text-color\" data-kb-block=\"kb-adv-heading2563_69060e-00\"><strong>Belangrijke jaartallen &amp; momenten<\/strong><\/h2>\n\n\n<style>.kt-tabs-id2563_9454ab-7f > .kt-tabs-content-wrap > .wp-block-kadence-tab{border-top:0px solid var(--global-palette7, #eeeeee);border-right:0px solid var(--global-palette7, #eeeeee);border-bottom:0px solid var(--global-palette7, #eeeeee);border-left:0px solid var(--global-palette7, #eeeeee);border-top-left-radius:0px;border-top-right-radius:0px;border-bottom-right-radius:0px;border-bottom-left-radius:0px;padding-top:var(--global-kb-spacing-3xl, 6.5rem);padding-right:0px;padding-bottom:var(--global-kb-spacing-sm, 1.5rem);padding-left:0px;background:var(--global-palette9, #ffffff);}.wp-block-kadence-tabs .kt-tabs-id2563_9454ab-7f > .kt-tabs-title-list li{margin-top:0px;margin-right:8px;margin-bottom:0px;margin-left:0px;}.wp-block-kadence-tabs .kt-tabs-id2563_9454ab-7f > .kt-tabs-title-list li:last-child{margin-right:0px;}.wp-block-kadence-tabs .kt-tabs-id2563_9454ab-7f > .kt-tabs-title-list li .kt-tab-title, .wp-block-kadence-tabs .kt-tabs-id2563_9454ab-7f > .kt-tabs-content-wrap > .kt-tabs-accordion-title .kt-tab-title{font-size:var(--global-kb-font-size-md, 1.25rem);font-family:Profound pro;font-weight:700;font-style:normal;border-top-width:0px;border-right-width:0px;border-bottom-width:0px;border-left-width:0px;border-top-left-radius:3px;border-top-right-radius:3px;border-bottom-right-radius:3px;border-bottom-left-radius:3px;padding-top:4px;padding-right:8px;padding-bottom:4px;padding-left:8px;border-color:var(--global-palette9, #ffffff);color:var(--global-palette6, #718096);background:var(--global-palette9, #ffffff);}.wp-block-kadence-tabs .kt-tabs-id2563_9454ab-7f > .kt-tabs-content-wrap > .kt-tabs-accordion-title .kt-tab-title{margin-top:0px;margin-right:8px;margin-bottom:0px;margin-left:0px;}.wp-block-kadence-tabs .kt-tabs-id2563_9454ab-7f > .kt-tabs-title-list li .kt-tab-title:hover, .wp-block-kadence-tabs .kt-tabs-id2563_9454ab-7f > .kt-tabs-content-wrap > .kt-tabs-accordion-title .kt-tab-title:hover{border-color:var(--global-palette7, #eeeeee);color:var(--global-palette9, #ffffff);background:var(--global-palette2, #2B6CB0);}.wp-block-kadence-tabs .kt-tabs-id2563_9454ab-7f > .kt-tabs-title-list li.kt-tab-title-active .kt-tab-title, .wp-block-kadence-tabs .kt-tabs-id2563_9454ab-7f > .kt-tabs-content-wrap > .kt-tabs-accordion-title.kt-tab-title-active .kt-tab-title{border-color:#dee2e6;color:var(--global-palette9, #ffffff);background:var(--global-palette2, #2B6CB0);}@media all and (max-width: 1024px){.kt-tabs-id2563_9454ab-7f > .kt-tabs-content-wrap > .wp-block-kadence-tab{border-top:0px solid var(--global-palette7, #eeeeee);border-right:0px solid var(--global-palette7, #eeeeee);border-bottom:0px solid var(--global-palette7, #eeeeee);border-left:0px solid var(--global-palette7, #eeeeee);}}@media all and (max-width: 1024px){.wp-block-kadence-tabs .kt-tabs-id2563_9454ab-7f > .kt-tabs-title-list li .kt-tab-title, .wp-block-kadence-tabs .kt-tabs-id2563_9454ab-7f > .kt-tabs-content-wrap > .kt-tabs-accordion-title .kt-tab-title{font-size:em;}}@media all and (max-width: 767px){.kt-tabs-id2563_9454ab-7f > .kt-tabs-content-wrap > .wp-block-kadence-tab{border-top:0px solid var(--global-palette7, #eeeeee);border-right:0px solid var(--global-palette7, #eeeeee);border-bottom:0px solid var(--global-palette7, #eeeeee);border-left:0px solid var(--global-palette7, #eeeeee);padding-top:var(--global-kb-spacing-md, 2rem);}.wp-block-kadence-tabs .kt-tabs-id2563_9454ab-7f > .kt-tabs-title-list li .kt-tab-title, .wp-block-kadence-tabs .kt-tabs-id2563_9454ab-7f > .kt-tabs-content-wrap > .kt-tabs-accordion-title .kt-tab-title{font-size:em;}}<\/style>\n<div class=\"wp-block-kadence-tabs alignnone\"><div class=\"kt-tabs-wrap kt-tabs-id2563_9454ab-7f kt-tabs-has-11-tabs kt-active-tab-1 kt-tabs-layout-tabs kt-tabs-tablet-layout-inherit kt-tabs-mobile-layout-inherit kt-tab-alignment-center \"><ul class=\"kt-tabs-title-list\"><li id=\"tab-strongafrikavrdeslavenhandelstrong\" class=\"kt-title-item kt-title-item-1 kt-tabs-svg-show-always kt-tabs-icon-side-right kt-tab-title-active\"><a href=\"#tab-strongafrikavrdeslavenhandelstrong\" data-tab=\"1\" class=\"kt-tab-title kt-tab-title-1 \"><span class=\"kt-title-text\"><strong>Afrika v\u00f3\u00f3r de slavenhandel<\/strong><\/span><\/a><\/li><li id=\"tab-strongdetransatlantischeslavenhandelstrong\" class=\"kt-title-item kt-title-item-2 kt-tabs-svg-show-always kt-tabs-icon-side-right kt-tab-title-inactive\"><a href=\"#tab-strongdetransatlantischeslavenhandelstrong\" data-tab=\"2\" class=\"kt-tab-title kt-tab-title-2 \"><span class=\"kt-title-text\"><strong>De transatlantische slavenhandel<\/strong><\/span><\/a><\/li><li id=\"tab-strongstrongthicooparubastrongstrong\" class=\"kt-title-item kt-title-item-3 kt-tabs-svg-show-always kt-tabs-icon-side-right kt-tab-title-inactive\"><a href=\"#tab-strongstrongthicooparubastrongstrong\" data-tab=\"3\" class=\"kt-tab-title kt-tab-title-3 \"><span class=\"kt-title-text\"><strong><strong>Thico op Aruba<\/strong><\/strong><\/span><\/a><\/li><li id=\"tab-strongmartisdikatalinajangaopbonairestrong\" class=\"kt-title-item kt-title-item-4 kt-tabs-svg-show-always kt-tabs-icon-side-right kt-tab-title-inactive\"><a href=\"#tab-strongmartisdikatalinajangaopbonairestrong\" data-tab=\"4\" class=\"kt-tab-title kt-tab-title-4 \"><span class=\"kt-title-text\"><strong>Martis di Katalina Janga op Bonaire<\/strong><\/span><\/a><\/li><li id=\"tab-strongtulaopcuraaostrong\" class=\"kt-title-item kt-title-item-5 kt-tabs-svg-show-always kt-tabs-icon-side-right kt-tab-title-inactive\"><a href=\"#tab-strongtulaopcuraaostrong\" data-tab=\"5\" class=\"kt-tab-title kt-tab-title-5 \"><span class=\"kt-title-text\"><strong>Tula op Cura\u00e7ao<\/strong><\/span><\/a><\/li><li id=\"tab-strongbonibaronenjoli-coeurinsurinamestrong\" class=\"kt-title-item kt-title-item-6 kt-tabs-svg-show-always kt-tabs-icon-side-right kt-tab-title-inactive\"><a href=\"#tab-strongbonibaronenjoli-coeurinsurinamestrong\" data-tab=\"6\" class=\"kt-tab-title kt-tab-title-6 \"><span class=\"kt-title-text\"><strong>Boni, Baron en Joli-Coeur in Suriname<\/strong><\/span><\/a><\/li><li id=\"tab-strongonettlohkayopsintmaartenstrong\" class=\"kt-title-item kt-title-item-7 kt-tabs-svg-show-always kt-tabs-icon-side-right kt-tab-title-inactive\"><a href=\"#tab-strongonettlohkayopsintmaartenstrong\" data-tab=\"7\" class=\"kt-tab-title kt-tab-title-7 \"><span class=\"kt-title-text\"><strong>One T\u00e9t\u00e9 Lohkay op Sint Maarten<\/strong><\/span><\/a><\/li><li id=\"tab-strongslavenontsnappenuitsabastrong\" class=\"kt-title-item kt-title-item-8 kt-tabs-svg-show-always kt-tabs-icon-side-right kt-tab-title-inactive\"><a href=\"#tab-strongslavenontsnappenuitsabastrong\" data-tab=\"8\" class=\"kt-tab-title kt-tab-title-8 \"><span class=\"kt-title-text\"><strong>Slaven ontsnappen uit Saba<\/strong><\/span><\/a><\/li><li id=\"tab-strongslavenopstandopstatiastrong\" class=\"kt-title-item kt-title-item-9 kt-tabs-svg-show-always kt-tabs-icon-side-right kt-tab-title-inactive\"><a href=\"#tab-strongslavenopstandopstatiastrong\" data-tab=\"9\" class=\"kt-tab-title kt-tab-title-9 \"><span class=\"kt-title-text\"><strong>Slavenopstand op Statia<\/strong><\/span><\/a><\/li><li id=\"tab-strongemancipatiestrong\" class=\"kt-title-item kt-title-item-10 kt-tabs-svg-show-always kt-tabs-icon-side-right kt-tab-title-inactive\"><a href=\"#tab-strongemancipatiestrong\" data-tab=\"10\" class=\"kt-tab-title kt-tab-title-10 \"><span class=\"kt-title-text\"><strong>Emancipatie<\/strong><\/span><\/a><\/li><li id=\"tab-strongexcusesvannederlandvoorhetslavernijverledenstrong\" class=\"kt-title-item kt-title-item-11 kt-tabs-svg-show-always kt-tabs-icon-side-right kt-tab-title-inactive\"><a href=\"#tab-strongexcusesvannederlandvoorhetslavernijverledenstrong\" data-tab=\"11\" class=\"kt-tab-title kt-tab-title-11 \"><span class=\"kt-title-text\"><strong>Excuses van Nederland voor het slavernijverleden<\/strong><\/span><\/a><\/li><\/ul><div class=\"kt-tabs-content-wrap\">\n<div class=\"wp-block-kadence-tab kt-tab-inner-content kt-inner-tab-1 kt-inner-tab2563_e5d15c-03\"><div class=\"kt-tab-inner-content-inner\"><style>.wp-block-kadence-advancedheading.kt-adv-heading2563_a87d89-32, .wp-block-kadence-advancedheading.kt-adv-heading2563_a87d89-32[data-kb-block=\"kb-adv-heading2563_a87d89-32\"]{text-align:center;font-style:normal;}.wp-block-kadence-advancedheading.kt-adv-heading2563_a87d89-32 mark.kt-highlight, .wp-block-kadence-advancedheading.kt-adv-heading2563_a87d89-32[data-kb-block=\"kb-adv-heading2563_a87d89-32\"] mark.kt-highlight{font-style:normal;color:#f76a0c;-webkit-box-decoration-break:clone;box-decoration-break:clone;padding-top:0px;padding-right:0px;padding-bottom:0px;padding-left:0px;}.wp-block-kadence-advancedheading.kt-adv-heading2563_a87d89-32 img.kb-inline-image, .wp-block-kadence-advancedheading.kt-adv-heading2563_a87d89-32[data-kb-block=\"kb-adv-heading2563_a87d89-32\"] img.kb-inline-image{width:150px;vertical-align:baseline;}<\/style>\n<h3 class=\"kt-adv-heading2563_a87d89-32 wp-block-kadence-advancedheading has-theme-palette-6-color has-text-color\" data-kb-block=\"kb-adv-heading2563_a87d89-32\"><strong>Afrika v\u00f3\u00f3r de slavenhandel<\/strong><\/h3>\n\n\n<style>.wp-block-kadence-advancedheading.kt-adv-heading2563_77d543-33, .wp-block-kadence-advancedheading.kt-adv-heading2563_77d543-33[data-kb-block=\"kb-adv-heading2563_77d543-33\"]{max-width:900px;margin-right:auto;margin-left:auto;margin-bottom:var(--global-kb-spacing-lg, 3rem);text-align:center;font-style:normal;}.wp-block-kadence-advancedheading.kt-adv-heading2563_77d543-33 mark.kt-highlight, .wp-block-kadence-advancedheading.kt-adv-heading2563_77d543-33[data-kb-block=\"kb-adv-heading2563_77d543-33\"] mark.kt-highlight{font-style:normal;color:#f76a0c;-webkit-box-decoration-break:clone;box-decoration-break:clone;padding-top:0px;padding-right:0px;padding-bottom:0px;padding-left:0px;}.wp-block-kadence-advancedheading.kt-adv-heading2563_77d543-33 img.kb-inline-image, .wp-block-kadence-advancedheading.kt-adv-heading2563_77d543-33[data-kb-block=\"kb-adv-heading2563_77d543-33\"] img.kb-inline-image{width:150px;vertical-align:baseline;}<\/style>\n<p class=\"kt-adv-heading2563_77d543-33 wp-block-kadence-advancedheading\" data-kb-block=\"kb-adv-heading2563_77d543-33\">Voordat de Europeanen arriveerden, hadden West-Afrikaanse koninkrijken zoals Songhai, Mali, Benin en Kongo rijke culturen, vorsten en complexe systemen. Kunst, wetenschap en technologie bloeiden, waaronder geneeskunde, wiskunde en astronomie. Ze maakten luxegoederen van brons, ivoor, goud en terracotta. De handel met Europeanen begon in de 15e eeuw met de Portugezen, waarbij goud, ivoor en specerijen werden verhandeld, maar ook Afrikanen werden gekocht en ontvoerd. In de 17e eeuw werd slavernij centraal vanwege de vraag naar suiker.<\/p>\n\n\n\n<div style=\"padding:56.25% 0 0 0;position:relative;\"><iframe src=\"https:\/\/player.vimeo.com\/video\/1097820189?badge=0&#038;autopause=0&#038;player_id=0&#038;app_id=58479&#038;title=0&#038;byline=0&#038;portrait=0\" frameborder=\"0\" allow=\"autoplay; fullscreen; picture-in-picture; clipboard-write; encrypted-media; web-share\" referrerpolicy=\"strict-origin-when-cross-origin\" style=\"position:absolute;top:0;left:0;width:100%;height:100%;\" title=\"1. Africa before the Slave Trade\" data-cookieconsent=\"statistics\"><\/iframe><\/div><script src=\"https:\/\/player.vimeo.com\/api\/player.js\"><\/script>\n<\/div><\/div>\n\n\n\n<div class=\"wp-block-kadence-tab kt-tab-inner-content kt-inner-tab-2 kt-inner-tab2563_5059cc-f7\"><div class=\"kt-tab-inner-content-inner\"><style>.wp-block-kadence-advancedheading.kt-adv-heading2563_2cace9-8f, .wp-block-kadence-advancedheading.kt-adv-heading2563_2cace9-8f[data-kb-block=\"kb-adv-heading2563_2cace9-8f\"]{text-align:center;font-style:normal;}.wp-block-kadence-advancedheading.kt-adv-heading2563_2cace9-8f mark.kt-highlight, .wp-block-kadence-advancedheading.kt-adv-heading2563_2cace9-8f[data-kb-block=\"kb-adv-heading2563_2cace9-8f\"] mark.kt-highlight{font-style:normal;color:#f76a0c;-webkit-box-decoration-break:clone;box-decoration-break:clone;padding-top:0px;padding-right:0px;padding-bottom:0px;padding-left:0px;}.wp-block-kadence-advancedheading.kt-adv-heading2563_2cace9-8f img.kb-inline-image, .wp-block-kadence-advancedheading.kt-adv-heading2563_2cace9-8f[data-kb-block=\"kb-adv-heading2563_2cace9-8f\"] img.kb-inline-image{width:150px;vertical-align:baseline;}<\/style>\n<h3 class=\"kt-adv-heading2563_2cace9-8f wp-block-kadence-advancedheading has-theme-palette-6-color has-text-color\" data-kb-block=\"kb-adv-heading2563_2cace9-8f\"><strong>De transatlantische slavenhandel<\/strong><\/h3>\n\n\n<style>.wp-block-kadence-advancedheading.kt-adv-heading2563_c3e6ee-33, .wp-block-kadence-advancedheading.kt-adv-heading2563_c3e6ee-33[data-kb-block=\"kb-adv-heading2563_c3e6ee-33\"]{max-width:900px;margin-right:auto;margin-left:auto;margin-bottom:var(--global-kb-spacing-lg, 3rem);text-align:center;font-style:normal;}.wp-block-kadence-advancedheading.kt-adv-heading2563_c3e6ee-33 mark.kt-highlight, .wp-block-kadence-advancedheading.kt-adv-heading2563_c3e6ee-33[data-kb-block=\"kb-adv-heading2563_c3e6ee-33\"] mark.kt-highlight{font-style:normal;color:#f76a0c;-webkit-box-decoration-break:clone;box-decoration-break:clone;padding-top:0px;padding-right:0px;padding-bottom:0px;padding-left:0px;}.wp-block-kadence-advancedheading.kt-adv-heading2563_c3e6ee-33 img.kb-inline-image, .wp-block-kadence-advancedheading.kt-adv-heading2563_c3e6ee-33[data-kb-block=\"kb-adv-heading2563_c3e6ee-33\"] img.kb-inline-image{width:150px;vertical-align:baseline;}<\/style>\n<p class=\"kt-adv-heading2563_c3e6ee-33 wp-block-kadence-advancedheading\" data-kb-block=\"kb-adv-heading2563_c3e6ee-33\">Tussen 1525 en 1867 vervoerden Europeanen miljoenen Afrikanen in de transatlantische slavenhandel. De Nederlanders vervoerden via de West-Indische Compagnie meer dan 600.000 Afrikanen. Cura\u00e7ao en Sint Eustatius waren doorvoerpunten en plantages. De overtocht was dodelijk: \u00e9\u00e9n op de zeven slaven stierf. In Suriname werkten velen op suikerplantages; sommigen ontsnapten en vormden marrongemeenschappen die zich verzetten tegen de slavernij. De inheemse bevolking leed enorm, maar hun culturen bleven bestaan door creolisering, een vermenging van Afrikaanse, Europese, Aziatische en inheemse invloeden die nog steeds zichtbaar is.<\/p>\n\n\n\n<div style=\"padding:56.25% 0 0 0;position:relative;\"><iframe src=\"https:\/\/player.vimeo.com\/video\/1097820235?badge=0&#038;autopause=0&#038;player_id=0&#038;app_id=58479&#038;title=0&#038;byline=0&#038;portrait=0\" frameborder=\"0\" allow=\"autoplay; fullscreen; picture-in-picture; clipboard-write; encrypted-media; web-share\" referrerpolicy=\"strict-origin-when-cross-origin\" style=\"position:absolute;top:0;left:0;width:100%;height:100%;\" title=\"2. The Transatlantic Slave Trade\" data-cookieconsent=\"statistics\"><\/iframe><\/div><script src=\"https:\/\/player.vimeo.com\/api\/player.js\"><\/script>\n<\/div><\/div>\n\n\n\n<div class=\"wp-block-kadence-tab kt-tab-inner-content kt-inner-tab-3 kt-inner-tab2563_130360-69\"><div class=\"kt-tab-inner-content-inner\"><style>.wp-block-kadence-advancedheading.kt-adv-heading2563_17ba88-af, .wp-block-kadence-advancedheading.kt-adv-heading2563_17ba88-af[data-kb-block=\"kb-adv-heading2563_17ba88-af\"]{text-align:center;font-style:normal;}.wp-block-kadence-advancedheading.kt-adv-heading2563_17ba88-af mark.kt-highlight, .wp-block-kadence-advancedheading.kt-adv-heading2563_17ba88-af[data-kb-block=\"kb-adv-heading2563_17ba88-af\"] mark.kt-highlight{font-style:normal;color:#f76a0c;-webkit-box-decoration-break:clone;box-decoration-break:clone;padding-top:0px;padding-right:0px;padding-bottom:0px;padding-left:0px;}.wp-block-kadence-advancedheading.kt-adv-heading2563_17ba88-af img.kb-inline-image, .wp-block-kadence-advancedheading.kt-adv-heading2563_17ba88-af[data-kb-block=\"kb-adv-heading2563_17ba88-af\"] img.kb-inline-image{width:150px;vertical-align:baseline;}<\/style>\n<h3 class=\"kt-adv-heading2563_17ba88-af wp-block-kadence-advancedheading has-theme-palette-6-color has-text-color\" data-kb-block=\"kb-adv-heading2563_17ba88-af\"><strong><strong>Thico op Aruba<\/strong><\/strong><\/h3>\n\n\n<style>.wp-block-kadence-advancedheading.kt-adv-heading2563_d432ab-f1, .wp-block-kadence-advancedheading.kt-adv-heading2563_d432ab-f1[data-kb-block=\"kb-adv-heading2563_d432ab-f1\"]{max-width:900px;margin-right:auto;margin-left:auto;margin-bottom:var(--global-kb-spacing-lg, 3rem);text-align:center;font-style:normal;}.wp-block-kadence-advancedheading.kt-adv-heading2563_d432ab-f1 mark.kt-highlight, .wp-block-kadence-advancedheading.kt-adv-heading2563_d432ab-f1[data-kb-block=\"kb-adv-heading2563_d432ab-f1\"] mark.kt-highlight{font-style:normal;color:#f76a0c;-webkit-box-decoration-break:clone;box-decoration-break:clone;padding-top:0px;padding-right:0px;padding-bottom:0px;padding-left:0px;}.wp-block-kadence-advancedheading.kt-adv-heading2563_d432ab-f1 img.kb-inline-image, .wp-block-kadence-advancedheading.kt-adv-heading2563_d432ab-f1[data-kb-block=\"kb-adv-heading2563_d432ab-f1\"] img.kb-inline-image{width:150px;vertical-align:baseline;}<\/style>\n<p class=\"kt-adv-heading2563_d432ab-f1 wp-block-kadence-advancedheading\" data-kb-block=\"kb-adv-heading2563_d432ab-f1\">In 1795 kwam Thico, een slaaf die eigendom was van de staat, openlijk in opstand tegen de slavernij op Aruba. Hij weigerde verder te dienen en eiste zijn vrijheid. Thico werd gearresteerd en naar Cura\u00e7ao gestuurd. Omdat hij zich bleef verzetten, werd hij gedwongen om in Fort Amsterdam te werken. Zijn moedige protest, vlak voor de opstand van Tula op Cura\u00e7ao, maakt hem tot een van de eerste vrijheidsstrijders van Aruba.<\/p>\n\n\n\n<div style=\"padding:56.25% 0 0 0;position:relative;\"><iframe src=\"https:\/\/player.vimeo.com\/video\/1087576751?badge=0&#038;autopause=0&#038;player_id=0&#038;app_id=58479&#038;title=0&#038;byline=0&#038;portrait=0\" frameborder=\"0\" allow=\"autoplay; fullscreen; picture-in-picture; clipboard-write; encrypted-media; web-share\" referrerpolicy=\"strict-origin-when-cross-origin\" style=\"position:absolute;top:0;left:0;width:100%;height:100%;\" title=\"Thico on Aruba (1795)\" data-cookieconsent=\"statistics\"><\/iframe><\/div><script src=\"https:\/\/player.vimeo.com\/api\/player.js\"><\/script>\n<\/div><\/div>\n\n\n\n<div class=\"wp-block-kadence-tab kt-tab-inner-content kt-inner-tab-4 kt-inner-tab2563_ac7f32-53\"><div class=\"kt-tab-inner-content-inner\"><style>.wp-block-kadence-advancedheading.kt-adv-heading2563_b22edd-80, .wp-block-kadence-advancedheading.kt-adv-heading2563_b22edd-80[data-kb-block=\"kb-adv-heading2563_b22edd-80\"]{text-align:center;font-style:normal;}.wp-block-kadence-advancedheading.kt-adv-heading2563_b22edd-80 mark.kt-highlight, .wp-block-kadence-advancedheading.kt-adv-heading2563_b22edd-80[data-kb-block=\"kb-adv-heading2563_b22edd-80\"] mark.kt-highlight{font-style:normal;color:#f76a0c;-webkit-box-decoration-break:clone;box-decoration-break:clone;padding-top:0px;padding-right:0px;padding-bottom:0px;padding-left:0px;}.wp-block-kadence-advancedheading.kt-adv-heading2563_b22edd-80 img.kb-inline-image, .wp-block-kadence-advancedheading.kt-adv-heading2563_b22edd-80[data-kb-block=\"kb-adv-heading2563_b22edd-80\"] img.kb-inline-image{width:150px;vertical-align:baseline;}<\/style>\n<h3 class=\"kt-adv-heading2563_b22edd-80 wp-block-kadence-advancedheading has-theme-palette-6-color has-text-color\" data-kb-block=\"kb-adv-heading2563_b22edd-80\"><strong>Martis di Katalina Janga op Bonaire<\/strong><\/h3>\n\n\n<style>.wp-block-kadence-advancedheading.kt-adv-heading2563_1e8e4b-cf, .wp-block-kadence-advancedheading.kt-adv-heading2563_1e8e4b-cf[data-kb-block=\"kb-adv-heading2563_1e8e4b-cf\"]{max-width:900px;margin-right:auto;margin-left:auto;margin-bottom:var(--global-kb-spacing-lg, 3rem);text-align:center;font-style:normal;}.wp-block-kadence-advancedheading.kt-adv-heading2563_1e8e4b-cf mark.kt-highlight, .wp-block-kadence-advancedheading.kt-adv-heading2563_1e8e4b-cf[data-kb-block=\"kb-adv-heading2563_1e8e4b-cf\"] mark.kt-highlight{font-style:normal;color:#f76a0c;-webkit-box-decoration-break:clone;box-decoration-break:clone;padding-top:0px;padding-right:0px;padding-bottom:0px;padding-left:0px;}.wp-block-kadence-advancedheading.kt-adv-heading2563_1e8e4b-cf img.kb-inline-image, .wp-block-kadence-advancedheading.kt-adv-heading2563_1e8e4b-cf[data-kb-block=\"kb-adv-heading2563_1e8e4b-cf\"] img.kb-inline-image{width:150px;vertical-align:baseline;}<\/style>\n<p class=\"kt-adv-heading2563_1e8e4b-cf wp-block-kadence-advancedheading\" data-kb-block=\"kb-adv-heading2563_1e8e4b-cf\">In 1834 leidde Martis di Katalina Janga een opstand op Bonaire tegen de wrede arbeidsomstandigheden in de zoutpannen. Slaven moesten dagelijks urenlang lopen in extreme hitte onder gewelddadige opzichters. Onder leiding van Martis eisten ze een gelijke behandeling. De opstand duurde ongeveer een week en markeerde een belangrijk moment van verzet in de geschiedenis van Bonaire. Zijn daden worden nog steeds herinnerd als een symbool van de strijd tegen onrechtvaardigheid.<\/p>\n\n\n\n<div style=\"padding:56.25% 0 0 0;position:relative;\"><iframe src=\"https:\/\/player.vimeo.com\/video\/1097820292?badge=0&#038;autopause=0&#038;player_id=0&#038;app_id=58479&#038;title=0&#038;byline=0&#038;portrait=0\" frameborder=\"0\" allow=\"autoplay; fullscreen; picture-in-picture; clipboard-write; encrypted-media; web-share\" referrerpolicy=\"strict-origin-when-cross-origin\" style=\"position:absolute;top:0;left:0;width:100%;height:100%;\" title=\"3. Martis di Katalina Janga on Bonaire\" data-cookieconsent=\"statistics\"><\/iframe><\/div><script src=\"https:\/\/player.vimeo.com\/api\/player.js\"><\/script>\n<\/div><\/div>\n\n\n\n<div class=\"wp-block-kadence-tab kt-tab-inner-content kt-inner-tab-5 kt-inner-tab2563_f8a8ca-6d\"><div class=\"kt-tab-inner-content-inner\"><style>.wp-block-kadence-advancedheading.kt-adv-heading2563_726c74-05, .wp-block-kadence-advancedheading.kt-adv-heading2563_726c74-05[data-kb-block=\"kb-adv-heading2563_726c74-05\"]{text-align:center;font-style:normal;}.wp-block-kadence-advancedheading.kt-adv-heading2563_726c74-05 mark.kt-highlight, .wp-block-kadence-advancedheading.kt-adv-heading2563_726c74-05[data-kb-block=\"kb-adv-heading2563_726c74-05\"] mark.kt-highlight{font-style:normal;color:#f76a0c;-webkit-box-decoration-break:clone;box-decoration-break:clone;padding-top:0px;padding-right:0px;padding-bottom:0px;padding-left:0px;}.wp-block-kadence-advancedheading.kt-adv-heading2563_726c74-05 img.kb-inline-image, .wp-block-kadence-advancedheading.kt-adv-heading2563_726c74-05[data-kb-block=\"kb-adv-heading2563_726c74-05\"] img.kb-inline-image{width:150px;vertical-align:baseline;}<\/style>\n<h3 class=\"kt-adv-heading2563_726c74-05 wp-block-kadence-advancedheading has-theme-palette-6-color has-text-color\" data-kb-block=\"kb-adv-heading2563_726c74-05\"><strong>Tula op Cura\u00e7ao<\/strong><\/h3>\n\n\n<style>.wp-block-kadence-advancedheading.kt-adv-heading2563_7187d8-94, .wp-block-kadence-advancedheading.kt-adv-heading2563_7187d8-94[data-kb-block=\"kb-adv-heading2563_7187d8-94\"]{max-width:900px;margin-right:auto;margin-left:auto;margin-bottom:var(--global-kb-spacing-lg, 3rem);text-align:center;font-style:normal;}.wp-block-kadence-advancedheading.kt-adv-heading2563_7187d8-94 mark.kt-highlight, .wp-block-kadence-advancedheading.kt-adv-heading2563_7187d8-94[data-kb-block=\"kb-adv-heading2563_7187d8-94\"] mark.kt-highlight{font-style:normal;color:#f76a0c;-webkit-box-decoration-break:clone;box-decoration-break:clone;padding-top:0px;padding-right:0px;padding-bottom:0px;padding-left:0px;}.wp-block-kadence-advancedheading.kt-adv-heading2563_7187d8-94 img.kb-inline-image, .wp-block-kadence-advancedheading.kt-adv-heading2563_7187d8-94[data-kb-block=\"kb-adv-heading2563_7187d8-94\"] img.kb-inline-image{width:150px;vertical-align:baseline;}<\/style>\n<p class=\"kt-adv-heading2563_7187d8-94 wp-block-kadence-advancedheading\" data-kb-block=\"kb-adv-heading2563_7187d8-94\">Op 17 augustus 1795 leidde Tula de grootste slavenopstand op Cura\u00e7ao. Hij werkte op de Kenepa-plantage en eiste samen met tientallen anderen de vrijheid van hun eigenaar. De opstand groeide uit tot ongeveer tweeduizend mensen. Tula werd gevangengenomen en op brute wijze ge\u00ebxecuteerd. In 2010 werd hij erkend als nationale held en in 2023 officieel gerehabiliteerd. Zijn strijd wordt elk jaar op 17 augustus herdacht tijdens Dia di lucha pa libertat \u2013 de Dag van de Vrijheidsstrijd.<br><\/p>\n\n\n\n<div style=\"padding:56.25% 0 0 0;position:relative;\"><iframe src=\"https:\/\/player.vimeo.com\/video\/1097820108?badge=0&#038;autopause=0&#038;player_id=0&#038;app_id=58479&#038;title=0&#038;byline=0&#038;portrait=0\" frameborder=\"0\" allow=\"autoplay; fullscreen; picture-in-picture; clipboard-write; encrypted-media; web-share\" referrerpolicy=\"strict-origin-when-cross-origin\" style=\"position:absolute;top:0;left:0;width:100%;height:100%;\" title=\"3. Tula on Cura\u00e7ao\" data-cookieconsent=\"statistics\"><\/iframe><\/div><script src=\"https:\/\/player.vimeo.com\/api\/player.js\"><\/script>\n<\/div><\/div>\n\n\n\n<div class=\"wp-block-kadence-tab kt-tab-inner-content kt-inner-tab-6 kt-inner-tab2563_261bd7-5b\"><div class=\"kt-tab-inner-content-inner\"><style>.wp-block-kadence-advancedheading.kt-adv-heading2563_3d14bc-6a, .wp-block-kadence-advancedheading.kt-adv-heading2563_3d14bc-6a[data-kb-block=\"kb-adv-heading2563_3d14bc-6a\"]{text-align:center;font-style:normal;}.wp-block-kadence-advancedheading.kt-adv-heading2563_3d14bc-6a mark.kt-highlight, .wp-block-kadence-advancedheading.kt-adv-heading2563_3d14bc-6a[data-kb-block=\"kb-adv-heading2563_3d14bc-6a\"] mark.kt-highlight{font-style:normal;color:#f76a0c;-webkit-box-decoration-break:clone;box-decoration-break:clone;padding-top:0px;padding-right:0px;padding-bottom:0px;padding-left:0px;}.wp-block-kadence-advancedheading.kt-adv-heading2563_3d14bc-6a img.kb-inline-image, .wp-block-kadence-advancedheading.kt-adv-heading2563_3d14bc-6a[data-kb-block=\"kb-adv-heading2563_3d14bc-6a\"] img.kb-inline-image{width:150px;vertical-align:baseline;}<\/style>\n<h3 class=\"kt-adv-heading2563_3d14bc-6a wp-block-kadence-advancedheading has-theme-palette-6-color has-text-color\" data-kb-block=\"kb-adv-heading2563_3d14bc-6a\">Boni, Baron en Joli Coeur in Suriname<\/h3>\n\n\n<style>.wp-block-kadence-advancedheading.kt-adv-heading2563_798283-06, .wp-block-kadence-advancedheading.kt-adv-heading2563_798283-06[data-kb-block=\"kb-adv-heading2563_798283-06\"]{max-width:900px;margin-right:auto;margin-left:auto;margin-bottom:var(--global-kb-spacing-lg, 3rem);text-align:center;font-style:normal;}.wp-block-kadence-advancedheading.kt-adv-heading2563_798283-06 mark.kt-highlight, .wp-block-kadence-advancedheading.kt-adv-heading2563_798283-06[data-kb-block=\"kb-adv-heading2563_798283-06\"] mark.kt-highlight{font-style:normal;color:#f76a0c;-webkit-box-decoration-break:clone;box-decoration-break:clone;padding-top:0px;padding-right:0px;padding-bottom:0px;padding-left:0px;}.wp-block-kadence-advancedheading.kt-adv-heading2563_798283-06 img.kb-inline-image, .wp-block-kadence-advancedheading.kt-adv-heading2563_798283-06[data-kb-block=\"kb-adv-heading2563_798283-06\"] img.kb-inline-image{width:150px;vertical-align:baseline;}<\/style>\n<p class=\"kt-adv-heading2563_798283-06 wp-block-kadence-advancedheading\" data-kb-block=\"kb-adv-heading2563_798283-06\">Boni, geboren onder de Marrons in Suriname, werd de leider van een guerrillagroep die plantages aanviel en slaven bevrijdde uit Fort Boekoe. In 1772 bevrijdde hij zeventig mensen van de Poelwijk-plantage. Samen met zijn medestrijders Baron en Joli-Coeur verzette hij zich jarenlang tegen de koloniale macht. Hun acties maakten hen tot legendarische vrijheidsstrijders in de geschiedenis van Suriname.<\/p>\n\n\n\n<div style=\"padding:56.25% 0 0 0;position:relative;\"><iframe src=\"https:\/\/player.vimeo.com\/video\/1097811548?badge=0&#038;autopause=0&#038;player_id=0&#038;app_id=58479&#038;title=0&#038;byline=0&#038;portrait=0\" frameborder=\"0\" allow=\"autoplay; fullscreen; picture-in-picture; clipboard-write; encrypted-media; web-share\" referrerpolicy=\"strict-origin-when-cross-origin\" style=\"position:absolute;top:0;left:0;width:100%;height:100%;\" title=\"3. Boni, Baron i Joli-Coeur na S\u00fcrnam\" data-cookieconsent=\"statistics\"><\/iframe><\/div><script src=\"https:\/\/player.vimeo.com\/api\/player.js\"><\/script>\n<\/div><\/div>\n\n\n\n<div class=\"wp-block-kadence-tab kt-tab-inner-content kt-inner-tab-7 kt-inner-tab2563_97b6de-42\"><div class=\"kt-tab-inner-content-inner\"><style>.wp-block-kadence-advancedheading.kt-adv-heading2563_f98e07-48, .wp-block-kadence-advancedheading.kt-adv-heading2563_f98e07-48[data-kb-block=\"kb-adv-heading2563_f98e07-48\"]{text-align:center;font-style:normal;}.wp-block-kadence-advancedheading.kt-adv-heading2563_f98e07-48 mark.kt-highlight, .wp-block-kadence-advancedheading.kt-adv-heading2563_f98e07-48[data-kb-block=\"kb-adv-heading2563_f98e07-48\"] mark.kt-highlight{font-style:normal;color:#f76a0c;-webkit-box-decoration-break:clone;box-decoration-break:clone;padding-top:0px;padding-right:0px;padding-bottom:0px;padding-left:0px;}.wp-block-kadence-advancedheading.kt-adv-heading2563_f98e07-48 img.kb-inline-image, .wp-block-kadence-advancedheading.kt-adv-heading2563_f98e07-48[data-kb-block=\"kb-adv-heading2563_f98e07-48\"] img.kb-inline-image{width:150px;vertical-align:baseline;}<\/style>\n<h3 class=\"kt-adv-heading2563_f98e07-48 wp-block-kadence-advancedheading has-theme-palette-6-color has-text-color\" data-kb-block=\"kb-adv-heading2563_f98e07-48\"><strong>One T\u00e9t\u00e9 Lohkay op Sint Maarten<\/strong><\/h3>\n\n\n<style>.wp-block-kadence-advancedheading.kt-adv-heading2563_5e0df9-1e, .wp-block-kadence-advancedheading.kt-adv-heading2563_5e0df9-1e[data-kb-block=\"kb-adv-heading2563_5e0df9-1e\"]{max-width:900px;margin-right:auto;margin-left:auto;margin-bottom:var(--global-kb-spacing-lg, 3rem);text-align:center;font-style:normal;}.wp-block-kadence-advancedheading.kt-adv-heading2563_5e0df9-1e mark.kt-highlight, .wp-block-kadence-advancedheading.kt-adv-heading2563_5e0df9-1e[data-kb-block=\"kb-adv-heading2563_5e0df9-1e\"] mark.kt-highlight{font-style:normal;color:#f76a0c;-webkit-box-decoration-break:clone;box-decoration-break:clone;padding-top:0px;padding-right:0px;padding-bottom:0px;padding-left:0px;}.wp-block-kadence-advancedheading.kt-adv-heading2563_5e0df9-1e img.kb-inline-image, .wp-block-kadence-advancedheading.kt-adv-heading2563_5e0df9-1e[data-kb-block=\"kb-adv-heading2563_5e0df9-1e\"] img.kb-inline-image{width:150px;vertical-align:baseline;}<\/style>\n<p class=\"kt-adv-heading2563_5e0df9-1e wp-block-kadence-advancedheading\" data-kb-block=\"kb-adv-heading2563_5e0df9-1e\">One-T\u00e9t\u00e9 Lohkay was een tot slaaf gemaakte vrouw op Sint Maarten die meerdere keren probeerde te ontsnappen. Als straf werd een van haar borsten afgesneden, waardoor ze de bijnaam \u2018One-T\u00e9t\u00e9\u2019 kreeg. Ondanks deze gruwelijke straf bleef ze zich verzetten en werd ze een symbool van vrijheid. Haar moed en vastberadenheid worden ge\u00eberd op Emancipation Day op Sint Maarten, waar ze wordt gevierd als een heldin van het verzet tegen de slavernij.<\/p>\n\n\n\n<div style=\"padding:56.25% 0 0 0;position:relative;\"><iframe src=\"https:\/\/player.vimeo.com\/video\/1097820385?badge=0&#038;autopause=0&#038;player_id=0&#038;app_id=58479&#038;title=0&#038;byline=0&#038;portrait=0\" frameborder=\"0\" allow=\"autoplay; fullscreen; picture-in-picture; clipboard-write; encrypted-media; web-share\" referrerpolicy=\"strict-origin-when-cross-origin\" style=\"position:absolute;top:0;left:0;width:100%;height:100%;\" title=\"3. One-T\u00e9t\u00e9 Lohkay on Sint Martin\" data-cookieconsent=\"statistics\"><\/iframe><\/div><script src=\"https:\/\/player.vimeo.com\/api\/player.js\"><\/script>\n<\/div><\/div>\n\n\n\n<div class=\"wp-block-kadence-tab kt-tab-inner-content kt-inner-tab-8 kt-inner-tab2563_4ae75e-40\"><div class=\"kt-tab-inner-content-inner\"><style>.wp-block-kadence-advancedheading.kt-adv-heading2563_0c1969-22, .wp-block-kadence-advancedheading.kt-adv-heading2563_0c1969-22[data-kb-block=\"kb-adv-heading2563_0c1969-22\"]{text-align:center;font-style:normal;}.wp-block-kadence-advancedheading.kt-adv-heading2563_0c1969-22 mark.kt-highlight, .wp-block-kadence-advancedheading.kt-adv-heading2563_0c1969-22[data-kb-block=\"kb-adv-heading2563_0c1969-22\"] mark.kt-highlight{font-style:normal;color:#f76a0c;-webkit-box-decoration-break:clone;box-decoration-break:clone;padding-top:0px;padding-right:0px;padding-bottom:0px;padding-left:0px;}.wp-block-kadence-advancedheading.kt-adv-heading2563_0c1969-22 img.kb-inline-image, .wp-block-kadence-advancedheading.kt-adv-heading2563_0c1969-22[data-kb-block=\"kb-adv-heading2563_0c1969-22\"] img.kb-inline-image{width:150px;vertical-align:baseline;}<\/style>\n<h3 class=\"kt-adv-heading2563_0c1969-22 wp-block-kadence-advancedheading has-theme-palette-6-color has-text-color\" data-kb-block=\"kb-adv-heading2563_0c1969-22\"><strong>Slaven ontsnappen uit Saba<\/strong><\/h3>\n\n\n<style>.wp-block-kadence-advancedheading.kt-adv-heading2563_653b89-2b, .wp-block-kadence-advancedheading.kt-adv-heading2563_653b89-2b[data-kb-block=\"kb-adv-heading2563_653b89-2b\"]{max-width:900px;margin-right:auto;margin-left:auto;margin-bottom:var(--global-kb-spacing-lg, 3rem);text-align:center;font-style:normal;}.wp-block-kadence-advancedheading.kt-adv-heading2563_653b89-2b mark.kt-highlight, .wp-block-kadence-advancedheading.kt-adv-heading2563_653b89-2b[data-kb-block=\"kb-adv-heading2563_653b89-2b\"] mark.kt-highlight{font-style:normal;color:#f76a0c;-webkit-box-decoration-break:clone;box-decoration-break:clone;padding-top:0px;padding-right:0px;padding-bottom:0px;padding-left:0px;}.wp-block-kadence-advancedheading.kt-adv-heading2563_653b89-2b img.kb-inline-image, .wp-block-kadence-advancedheading.kt-adv-heading2563_653b89-2b[data-kb-block=\"kb-adv-heading2563_653b89-2b\"] img.kb-inline-image{width:150px;vertical-align:baseline;}<\/style>\n<p class=\"kt-adv-heading2563_653b89-2b wp-block-kadence-advancedheading\" data-kb-block=\"kb-adv-heading2563_653b89-2b\">In 1654 kaapten veertien slaven op Saba een schip en vluchtten naar Puerto Rico, in de hoop daar vrijheid te vinden. Helaas werden ze daar opnieuw tot slaaf gemaakt. Eeuwen later, rond 1860, verkochten slavenhouders op Saba veel van hun slaven aan Amerikaanse plantages. Tientallen vluchtten om dit lot te ontlopen. Deze verhalen tonen het aanhoudende verzet tegen slavernij, zelfs op kleine eilanden als Saba.<\/p>\n\n\n\n<div style=\"padding:56.25% 0 0 0;position:relative;\"><iframe src=\"https:\/\/player.vimeo.com\/video\/1097820332?badge=0&#038;autopause=0&#038;player_id=0&#038;app_id=58479&#038;title=0&#038;byline=0&#038;portrait=0\" frameborder=\"0\" allow=\"autoplay; fullscreen; picture-in-picture; clipboard-write; encrypted-media; web-share\" referrerpolicy=\"strict-origin-when-cross-origin\" style=\"position:absolute;top:0;left:0;width:100%;height:100%;\" title=\"3. Enslaved People Escape from Saba\" data-cookieconsent=\"statistics\"><\/iframe><\/div><script src=\"https:\/\/player.vimeo.com\/api\/player.js\"><\/script>\n<\/div><\/div>\n\n\n\n<div class=\"wp-block-kadence-tab kt-tab-inner-content kt-inner-tab-9 kt-inner-tab2563_bfb112-ee\"><div class=\"kt-tab-inner-content-inner\"><style>.wp-block-kadence-advancedheading.kt-adv-heading2563_87fece-1b, .wp-block-kadence-advancedheading.kt-adv-heading2563_87fece-1b[data-kb-block=\"kb-adv-heading2563_87fece-1b\"]{text-align:center;font-style:normal;}.wp-block-kadence-advancedheading.kt-adv-heading2563_87fece-1b mark.kt-highlight, .wp-block-kadence-advancedheading.kt-adv-heading2563_87fece-1b[data-kb-block=\"kb-adv-heading2563_87fece-1b\"] mark.kt-highlight{font-style:normal;color:#f76a0c;-webkit-box-decoration-break:clone;box-decoration-break:clone;padding-top:0px;padding-right:0px;padding-bottom:0px;padding-left:0px;}.wp-block-kadence-advancedheading.kt-adv-heading2563_87fece-1b img.kb-inline-image, .wp-block-kadence-advancedheading.kt-adv-heading2563_87fece-1b[data-kb-block=\"kb-adv-heading2563_87fece-1b\"] img.kb-inline-image{width:150px;vertical-align:baseline;}<\/style>\n<h3 class=\"kt-adv-heading2563_87fece-1b wp-block-kadence-advancedheading has-theme-palette-6-color has-text-color\" data-kb-block=\"kb-adv-heading2563_87fece-1b\"><strong>Slavenopstand op Statia<\/strong><\/h3>\n\n\n<style>.wp-block-kadence-advancedheading.kt-adv-heading2563_bdaf1d-7e, .wp-block-kadence-advancedheading.kt-adv-heading2563_bdaf1d-7e[data-kb-block=\"kb-adv-heading2563_bdaf1d-7e\"]{max-width:900px;margin-right:auto;margin-left:auto;margin-bottom:var(--global-kb-spacing-lg, 3rem);text-align:center;font-style:normal;}.wp-block-kadence-advancedheading.kt-adv-heading2563_bdaf1d-7e mark.kt-highlight, .wp-block-kadence-advancedheading.kt-adv-heading2563_bdaf1d-7e[data-kb-block=\"kb-adv-heading2563_bdaf1d-7e\"] mark.kt-highlight{font-style:normal;color:#f76a0c;-webkit-box-decoration-break:clone;box-decoration-break:clone;padding-top:0px;padding-right:0px;padding-bottom:0px;padding-left:0px;}.wp-block-kadence-advancedheading.kt-adv-heading2563_bdaf1d-7e img.kb-inline-image, .wp-block-kadence-advancedheading.kt-adv-heading2563_bdaf1d-7e[data-kb-block=\"kb-adv-heading2563_bdaf1d-7e\"] img.kb-inline-image{width:150px;vertical-align:baseline;}<\/style>\n<p class=\"kt-adv-heading2563_bdaf1d-7e wp-block-kadence-advancedheading\" data-kb-block=\"kb-adv-heading2563_bdaf1d-7e\">Op 12 juni 1848 eisten slaven op Sint Eustatius vrijheid, betere voedselrantsoenen en rustperiodes. Toen de lokale gouverneur weigerde, escaleerde het protest. De militie opende het vuur; sommige rebellen werden gedood of gewond. Zes leiders, onder wie Thomas Dupersoy, werden verbannen. Na de opstand begonnen plantage-eigenaren lonen aan te bieden om verdere onrust te voorkomen. Het was een krachtige daad van verzet tegen de koloniale onderdrukking op het kleine eiland.<br><\/p>\n\n\n\n<div style=\"padding:56.25% 0 0 0;position:relative;\"><iframe src=\"https:\/\/player.vimeo.com\/video\/1097820351?badge=0&#038;autopause=0&#038;player_id=0&#038;app_id=58479&#038;title=0&#038;byline=0&#038;portrait=0\" frameborder=\"0\" allow=\"autoplay; fullscreen; picture-in-picture; clipboard-write; encrypted-media; web-share\" referrerpolicy=\"strict-origin-when-cross-origin\" style=\"position:absolute;top:0;left:0;width:100%;height:100%;\" title=\"3. Slave Uprising on Statia\" data-cookieconsent=\"statistics\"><\/iframe><\/div><script src=\"https:\/\/player.vimeo.com\/api\/player.js\"><\/script>\n<\/div><\/div>\n\n\n\n<div class=\"wp-block-kadence-tab kt-tab-inner-content kt-inner-tab-10 kt-inner-tab2563_5103cb-56\"><div class=\"kt-tab-inner-content-inner\"><style>.wp-block-kadence-advancedheading.kt-adv-heading2563_38ff0b-38, .wp-block-kadence-advancedheading.kt-adv-heading2563_38ff0b-38[data-kb-block=\"kb-adv-heading2563_38ff0b-38\"]{text-align:center;font-style:normal;}.wp-block-kadence-advancedheading.kt-adv-heading2563_38ff0b-38 mark.kt-highlight, .wp-block-kadence-advancedheading.kt-adv-heading2563_38ff0b-38[data-kb-block=\"kb-adv-heading2563_38ff0b-38\"] mark.kt-highlight{font-style:normal;color:#f76a0c;-webkit-box-decoration-break:clone;box-decoration-break:clone;padding-top:0px;padding-right:0px;padding-bottom:0px;padding-left:0px;}.wp-block-kadence-advancedheading.kt-adv-heading2563_38ff0b-38 img.kb-inline-image, .wp-block-kadence-advancedheading.kt-adv-heading2563_38ff0b-38[data-kb-block=\"kb-adv-heading2563_38ff0b-38\"] img.kb-inline-image{width:150px;vertical-align:baseline;}<\/style>\n<h3 class=\"kt-adv-heading2563_38ff0b-38 wp-block-kadence-advancedheading has-theme-palette-6-color has-text-color\" data-kb-block=\"kb-adv-heading2563_38ff0b-38\"><strong>Emancipatie<\/strong><\/h3>\n\n\n<style>.wp-block-kadence-advancedheading.kt-adv-heading2563_de2c97-a1, .wp-block-kadence-advancedheading.kt-adv-heading2563_de2c97-a1[data-kb-block=\"kb-adv-heading2563_de2c97-a1\"]{max-width:900px;margin-right:auto;margin-left:auto;margin-bottom:var(--global-kb-spacing-lg, 3rem);text-align:center;font-style:normal;}.wp-block-kadence-advancedheading.kt-adv-heading2563_de2c97-a1 mark.kt-highlight, .wp-block-kadence-advancedheading.kt-adv-heading2563_de2c97-a1[data-kb-block=\"kb-adv-heading2563_de2c97-a1\"] mark.kt-highlight{font-style:normal;color:#f76a0c;-webkit-box-decoration-break:clone;box-decoration-break:clone;padding-top:0px;padding-right:0px;padding-bottom:0px;padding-left:0px;}.wp-block-kadence-advancedheading.kt-adv-heading2563_de2c97-a1 img.kb-inline-image, .wp-block-kadence-advancedheading.kt-adv-heading2563_de2c97-a1[data-kb-block=\"kb-adv-heading2563_de2c97-a1\"] img.kb-inline-image{width:150px;vertical-align:baseline;}<\/style>\n<p class=\"kt-adv-heading2563_de2c97-a1 wp-block-kadence-advancedheading\" data-kb-block=\"kb-adv-heading2563_de2c97-a1\">In 1863 werd de slavernij in Suriname en het Nederlandse Caribisch gebied afgeschaft, waarmee de emancipatie begon. In 1954 ondertekenden Nederland, de Nederlandse Antillen en Suriname het Statuut voor het Koninkrijk der Nederlanden, waarmee hun onderlinge relaties werden vastgelegd. Efra\u00efn Jonckheer ondertekende het Statuut en Suriname werd een deelstaat. Suriname werd in 1975 onafhankelijk, Aruba kreeg in 1986 een aparte status en in 2010 werden de Nederlandse Antillen ontbonden: Cura\u00e7ao en Sint Maarten werden autonome landen, terwijl Bonaire, Saba en Sint Eustatius speciale gemeenten van Nederland werden.<\/p>\n\n\n\n<div style=\"padding:56.25% 0 0 0;position:relative;\"><iframe src=\"https:\/\/player.vimeo.com\/video\/1097820448?badge=0&#038;autopause=0&#038;player_id=0&#038;app_id=58479&#038;title=0&#038;byline=0&#038;portrait=0\" frameborder=\"0\" allow=\"autoplay; fullscreen; picture-in-picture; clipboard-write; encrypted-media; web-share\" referrerpolicy=\"strict-origin-when-cross-origin\" style=\"position:absolute;top:0;left:0;width:100%;height:100%;\" title=\"4. Emancipation\" data-cookieconsent=\"statistics\"><\/iframe><\/div><script src=\"https:\/\/player.vimeo.com\/api\/player.js\"><\/script>\n<\/div><\/div>\n\n\n\n<div class=\"wp-block-kadence-tab kt-tab-inner-content kt-inner-tab-11 kt-inner-tab2563_a3154e-d0\"><div class=\"kt-tab-inner-content-inner\"><style>.wp-block-kadence-advancedheading.kt-adv-heading2563_142b1a-74, .wp-block-kadence-advancedheading.kt-adv-heading2563_142b1a-74[data-kb-block=\"kb-adv-heading2563_142b1a-74\"]{text-align:center;font-style:normal;}.wp-block-kadence-advancedheading.kt-adv-heading2563_142b1a-74 mark.kt-highlight, .wp-block-kadence-advancedheading.kt-adv-heading2563_142b1a-74[data-kb-block=\"kb-adv-heading2563_142b1a-74\"] mark.kt-highlight{font-style:normal;color:#f76a0c;-webkit-box-decoration-break:clone;box-decoration-break:clone;padding-top:0px;padding-right:0px;padding-bottom:0px;padding-left:0px;}.wp-block-kadence-advancedheading.kt-adv-heading2563_142b1a-74 img.kb-inline-image, .wp-block-kadence-advancedheading.kt-adv-heading2563_142b1a-74[data-kb-block=\"kb-adv-heading2563_142b1a-74\"] img.kb-inline-image{width:150px;vertical-align:baseline;}<\/style>\n<h3 class=\"kt-adv-heading2563_142b1a-74 wp-block-kadence-advancedheading has-theme-palette-6-color has-text-color\" data-kb-block=\"kb-adv-heading2563_142b1a-74\"><strong>Excuses van Nederland voor het slavernijverleden<\/strong><\/h3>\n\n\n<style>.wp-block-kadence-advancedheading.kt-adv-heading2563_439536-18, .wp-block-kadence-advancedheading.kt-adv-heading2563_439536-18[data-kb-block=\"kb-adv-heading2563_439536-18\"]{max-width:900px;margin-right:auto;margin-left:auto;margin-bottom:var(--global-kb-spacing-lg, 3rem);text-align:center;font-style:normal;}.wp-block-kadence-advancedheading.kt-adv-heading2563_439536-18 mark.kt-highlight, .wp-block-kadence-advancedheading.kt-adv-heading2563_439536-18[data-kb-block=\"kb-adv-heading2563_439536-18\"] mark.kt-highlight{font-style:normal;color:#f76a0c;-webkit-box-decoration-break:clone;box-decoration-break:clone;padding-top:0px;padding-right:0px;padding-bottom:0px;padding-left:0px;}.wp-block-kadence-advancedheading.kt-adv-heading2563_439536-18 img.kb-inline-image, .wp-block-kadence-advancedheading.kt-adv-heading2563_439536-18[data-kb-block=\"kb-adv-heading2563_439536-18\"] img.kb-inline-image{width:150px;vertical-align:baseline;}<\/style>\n<p class=\"kt-adv-heading2563_439536-18 wp-block-kadence-advancedheading\" data-kb-block=\"kb-adv-heading2563_439536-18\">Op 19 december 2022 bood de Nederlandse premier Mark Rutte officieel excuses aan voor de rol van de Nederlandse staat in de slavernij. Nederlandse functionarissen waren ook aanwezig op alle 6 de Caribische eilanden en in Suriname om excuses aan te bieden. Premier Mark Rutte vertelde dat slavernij een misdaad tegen de menselijkheid is die enorm veel leed heeft veroorzaakt en nog steeds van invloed is op het leven van mensen. Eeuwenlang heeft de Nederlandse staat slavernij mogelijk gemaakt, in stand gehouden en ervan geprofiteerd. Mensen werden onder Nederlands gezag als handelswaar behandeld en misbruikt. Opeenvolgende regeringen na 1863 hebben nagelaten de blijvende impact van deze geschiedenis volledig te erkennen.<\/p>\n\n\n\n<div style=\"padding:56.25% 0 0 0;position:relative;\"><iframe src=\"https:\/\/player.vimeo.com\/video\/1116296662?badge=0&#038;autopause=0&#038;player_id=0&#038;app_id=58479&#038;title=0&#038;byline=0&#038;portrait=0\" frameborder=\"0\" allow=\"autoplay; fullscreen; picture-in-picture; clipboard-write; encrypted-media; web-share\" referrerpolicy=\"strict-origin-when-cross-origin\" style=\"position:absolute;top:0;left:0;width:100%;height:100%;\" title=\"5. Apologies from the Netherlands for the Slavery Past\" data-cookieconsent=\"statistics\"><\/iframe><\/div><script src=\"https:\/\/player.vimeo.com\/api\/player.js\"><\/script>\n<\/div><\/div>\n<\/div><\/div><\/div>\n<\/div><\/div>\n\n<\/div><\/div>","protected":false},"excerpt":{"rendered":"<p>Herdenking &amp; Geschiedenis Het slavernijverleden: een beknopte geschiedenis Het Nederlandse slavernijverleden begon in het begin van de 17e eeuw, toen handelsmaatschappijen zoals de West-Indische Compagnie (WIC) en de Verenigde Oost-Indische Compagnie (VOC) mensen tot slaaf maakten en inzetten in een wereldwijde economie van uitbuiting. Belangrijke jaartallen &amp; momenten<\/p>\n","protected":false},"author":7,"featured_media":0,"parent":0,"menu_order":0,"comment_status":"closed","ping_status":"closed","template":"","meta":{"_acf_changed":false,"_kad_blocks_custom_css":"","_kad_blocks_head_custom_js":"","_kad_blocks_body_custom_js":"","_kad_blocks_footer_custom_js":"","_kad_post_transparent":"","_kad_post_title":"","_kad_post_layout":"","_kad_post_sidebar_id":"","_kad_post_content_style":"","_kad_post_vertical_padding":"","_kad_post_feature":"","_kad_post_feature_position":"","_kad_post_header":false,"_kad_post_footer":false,"footnotes":""},"class_list":["post-2563","page","type-page","status-publish","hentry"],"acf":[],"yoast_head":"<!-- This site is optimized with the Yoast SEO plugin v27.5 - https:\/\/yoast.com\/product\/yoast-seo-wordpress\/ -->\n<title>Commemoration &amp; History - HC-SLV<\/title>\n<meta name=\"description\" content=\"HC-SLV herdenkt de geschiedenis van de slavernij, versterkt de banden binnen de gemeenschap en ondersteunt belangrijke initiatieven.\" \/>\n<meta name=\"robots\" content=\"index, follow, max-snippet:-1, max-image-preview:large, max-video-preview:-1\" \/>\n<link rel=\"canonical\" href=\"https:\/\/herdenkingscomiteslavernijverleden.org\/nl\/commemoration-history\/\" \/>\n<meta property=\"og:locale\" content=\"nl_NL\" \/>\n<meta property=\"og:type\" content=\"article\" \/>\n<meta property=\"og:title\" content=\"Commemoration &amp; History - HC-SLV\" \/>\n<meta property=\"og:description\" content=\"HC-SLV herdenkt de geschiedenis van de slavernij, versterkt de banden binnen de gemeenschap en ondersteunt belangrijke initiatieven.\" \/>\n<meta property=\"og:url\" content=\"https:\/\/herdenkingscomiteslavernijverleden.org\/nl\/commemoration-history\/\" \/>\n<meta property=\"og:site_name\" content=\"HC-SLV\" \/>\n<meta property=\"article:modified_time\" content=\"2026-01-27T08:23:19+00:00\" \/>\n<meta property=\"og:image\" content=\"https:\/\/herdenkingscomiteslavernijverleden.org\/wp-content\/uploads\/2026\/01\/two-dancing-girls-scaled.jpg\" \/>\n<meta name=\"twitter:card\" content=\"summary_large_image\" \/>\n<meta name=\"twitter:label1\" content=\"Geschatte leestijd\" \/>\n\t<meta name=\"twitter:data1\" content=\"8 minuten\" \/>\n<script type=\"application\/ld+json\" class=\"yoast-schema-graph\">{\"@context\":\"https:\\\/\\\/schema.org\",\"@graph\":[{\"@type\":\"WebPage\",\"@id\":\"https:\\\/\\\/herdenkingscomiteslavernijverleden.org\\\/nl\\\/commemoration-history\\\/\",\"url\":\"https:\\\/\\\/herdenkingscomiteslavernijverleden.org\\\/nl\\\/commemoration-history\\\/\",\"name\":\"Commemoration &amp; History - HC-SLV\",\"isPartOf\":{\"@id\":\"https:\\\/\\\/hc-slv.org\\\/#website\"},\"primaryImageOfPage\":{\"@id\":\"https:\\\/\\\/herdenkingscomiteslavernijverleden.org\\\/nl\\\/commemoration-history\\\/#primaryimage\"},\"image\":{\"@id\":\"https:\\\/\\\/herdenkingscomiteslavernijverleden.org\\\/nl\\\/commemoration-history\\\/#primaryimage\"},\"thumbnailUrl\":\"https:\\\/\\\/herdenkingscomiteslavernijverleden.org\\\/wp-content\\\/uploads\\\/2026\\\/01\\\/two-dancing-girls-scaled.jpg\",\"datePublished\":\"2025-07-24T17:43:51+00:00\",\"dateModified\":\"2026-01-27T08:23:19+00:00\",\"description\":\"HC-SLV herdenkt de geschiedenis van de slavernij, versterkt de banden binnen de gemeenschap en ondersteunt belangrijke initiatieven.\",\"breadcrumb\":{\"@id\":\"https:\\\/\\\/herdenkingscomiteslavernijverleden.org\\\/nl\\\/commemoration-history\\\/#breadcrumb\"},\"inLanguage\":\"nl-NL\",\"potentialAction\":[{\"@type\":\"ReadAction\",\"target\":[\"https:\\\/\\\/herdenkingscomiteslavernijverleden.org\\\/nl\\\/commemoration-history\\\/\"]}]},{\"@type\":\"ImageObject\",\"inLanguage\":\"nl-NL\",\"@id\":\"https:\\\/\\\/herdenkingscomiteslavernijverleden.org\\\/nl\\\/commemoration-history\\\/#primaryimage\",\"url\":\"https:\\\/\\\/herdenkingscomiteslavernijverleden.org\\\/wp-content\\\/uploads\\\/2026\\\/01\\\/two-dancing-girls-scaled.jpg\",\"contentUrl\":\"https:\\\/\\\/herdenkingscomiteslavernijverleden.org\\\/wp-content\\\/uploads\\\/2026\\\/01\\\/two-dancing-girls-scaled.jpg\"},{\"@type\":\"BreadcrumbList\",\"@id\":\"https:\\\/\\\/herdenkingscomiteslavernijverleden.org\\\/nl\\\/commemoration-history\\\/#breadcrumb\",\"itemListElement\":[{\"@type\":\"ListItem\",\"position\":1,\"name\":\"Home\",\"item\":\"https:\\\/\\\/herdenkingscomiteslavernijverleden.org\\\/nl\\\/\"},{\"@type\":\"ListItem\",\"position\":2,\"name\":\"Commemoration &amp; History\"}]},{\"@type\":\"WebSite\",\"@id\":\"https:\\\/\\\/hc-slv.org\\\/#website\",\"url\":\"https:\\\/\\\/hc-slv.org\\\/\",\"name\":\"HC-SLV\",\"description\":\"\",\"publisher\":{\"@id\":\"https:\\\/\\\/hc-slv.org\\\/#organization\"},\"potentialAction\":[{\"@type\":\"SearchAction\",\"target\":{\"@type\":\"EntryPoint\",\"urlTemplate\":\"https:\\\/\\\/hc-slv.org\\\/?s={search_term_string}\"},\"query-input\":{\"@type\":\"PropertyValueSpecification\",\"valueRequired\":true,\"valueName\":\"search_term_string\"}}],\"inLanguage\":\"nl-NL\"},{\"@type\":\"Organization\",\"@id\":\"https:\\\/\\\/hc-slv.org\\\/#organization\",\"name\":\"HC-SLV\",\"url\":\"https:\\\/\\\/hc-slv.org\\\/\",\"logo\":{\"@type\":\"ImageObject\",\"inLanguage\":\"nl-NL\",\"@id\":\"https:\\\/\\\/hc-slv.org\\\/#\\\/schema\\\/logo\\\/image\\\/\",\"url\":\"https:\\\/\\\/herdenkingscomiteslavernijverleden.org\\\/wp-content\\\/uploads\\\/2025\\\/05\\\/Logo-ENG-website-e1748021985601.png\",\"contentUrl\":\"https:\\\/\\\/herdenkingscomiteslavernijverleden.org\\\/wp-content\\\/uploads\\\/2025\\\/05\\\/Logo-ENG-website-e1748021985601.png\",\"width\":2365,\"height\":1279,\"caption\":\"HC-SLV\"},\"image\":{\"@id\":\"https:\\\/\\\/hc-slv.org\\\/#\\\/schema\\\/logo\\\/image\\\/\"}}]}<\/script>\n<!-- \/ Yoast SEO plugin. -->","yoast_head_json":{"title":"Commemoration &amp; History - HC-SLV","description":"HC-SLV herdenkt de geschiedenis van de slavernij, versterkt de banden binnen de gemeenschap en ondersteunt belangrijke initiatieven.","robots":{"index":"index","follow":"follow","max-snippet":"max-snippet:-1","max-image-preview":"max-image-preview:large","max-video-preview":"max-video-preview:-1"},"canonical":"https:\/\/herdenkingscomiteslavernijverleden.org\/nl\/commemoration-history\/","og_locale":"nl_NL","og_type":"article","og_title":"Commemoration &amp; History - HC-SLV","og_description":"HC-SLV herdenkt de geschiedenis van de slavernij, versterkt de banden binnen de gemeenschap en ondersteunt belangrijke initiatieven.","og_url":"https:\/\/herdenkingscomiteslavernijverleden.org\/nl\/commemoration-history\/","og_site_name":"HC-SLV","article_modified_time":"2026-01-27T08:23:19+00:00","og_image":[{"url":"https:\/\/herdenkingscomiteslavernijverleden.org\/wp-content\/uploads\/2026\/01\/two-dancing-girls-scaled.jpg","type":"","width":"","height":""}],"twitter_card":"summary_large_image","twitter_misc":{"Geschatte leestijd":"8 minuten"},"schema":{"@context":"https:\/\/schema.org","@graph":[{"@type":"WebPage","@id":"https:\/\/herdenkingscomiteslavernijverleden.org\/nl\/commemoration-history\/","url":"https:\/\/herdenkingscomiteslavernijverleden.org\/nl\/commemoration-history\/","name":"Commemoration &amp; History - HC-SLV","isPartOf":{"@id":"https:\/\/hc-slv.org\/#website"},"primaryImageOfPage":{"@id":"https:\/\/herdenkingscomiteslavernijverleden.org\/nl\/commemoration-history\/#primaryimage"},"image":{"@id":"https:\/\/herdenkingscomiteslavernijverleden.org\/nl\/commemoration-history\/#primaryimage"},"thumbnailUrl":"https:\/\/herdenkingscomiteslavernijverleden.org\/wp-content\/uploads\/2026\/01\/two-dancing-girls-scaled.jpg","datePublished":"2025-07-24T17:43:51+00:00","dateModified":"2026-01-27T08:23:19+00:00","description":"HC-SLV herdenkt de geschiedenis van de slavernij, versterkt de banden binnen de gemeenschap en ondersteunt belangrijke initiatieven.","breadcrumb":{"@id":"https:\/\/herdenkingscomiteslavernijverleden.org\/nl\/commemoration-history\/#breadcrumb"},"inLanguage":"nl-NL","potentialAction":[{"@type":"ReadAction","target":["https:\/\/herdenkingscomiteslavernijverleden.org\/nl\/commemoration-history\/"]}]},{"@type":"ImageObject","inLanguage":"nl-NL","@id":"https:\/\/herdenkingscomiteslavernijverleden.org\/nl\/commemoration-history\/#primaryimage","url":"https:\/\/herdenkingscomiteslavernijverleden.org\/wp-content\/uploads\/2026\/01\/two-dancing-girls-scaled.jpg","contentUrl":"https:\/\/herdenkingscomiteslavernijverleden.org\/wp-content\/uploads\/2026\/01\/two-dancing-girls-scaled.jpg"},{"@type":"BreadcrumbList","@id":"https:\/\/herdenkingscomiteslavernijverleden.org\/nl\/commemoration-history\/#breadcrumb","itemListElement":[{"@type":"ListItem","position":1,"name":"Home","item":"https:\/\/herdenkingscomiteslavernijverleden.org\/nl\/"},{"@type":"ListItem","position":2,"name":"Commemoration &amp; History"}]},{"@type":"WebSite","@id":"https:\/\/hc-slv.org\/#website","url":"https:\/\/hc-slv.org\/","name":"HC-SLV","description":"","publisher":{"@id":"https:\/\/hc-slv.org\/#organization"},"potentialAction":[{"@type":"SearchAction","target":{"@type":"EntryPoint","urlTemplate":"https:\/\/hc-slv.org\/?s={search_term_string}"},"query-input":{"@type":"PropertyValueSpecification","valueRequired":true,"valueName":"search_term_string"}}],"inLanguage":"nl-NL"},{"@type":"Organization","@id":"https:\/\/hc-slv.org\/#organization","name":"HC-SLV","url":"https:\/\/hc-slv.org\/","logo":{"@type":"ImageObject","inLanguage":"nl-NL","@id":"https:\/\/hc-slv.org\/#\/schema\/logo\/image\/","url":"https:\/\/herdenkingscomiteslavernijverleden.org\/wp-content\/uploads\/2025\/05\/Logo-ENG-website-e1748021985601.png","contentUrl":"https:\/\/herdenkingscomiteslavernijverleden.org\/wp-content\/uploads\/2025\/05\/Logo-ENG-website-e1748021985601.png","width":2365,"height":1279,"caption":"HC-SLV"},"image":{"@id":"https:\/\/hc-slv.org\/#\/schema\/logo\/image\/"}}]}},"taxonomy_info":[],"featured_image_src_large":false,"author_info":{"display_name":"Alaa","author_link":"https:\/\/herdenkingscomiteslavernijverleden.org\/nl\/author\/alaa\/"},"comment_info":0,"_links":{"self":[{"href":"https:\/\/herdenkingscomiteslavernijverleden.org\/nl\/wp-json\/wp\/v2\/pages\/2563","targetHints":{"allow":["GET"]}}],"collection":[{"href":"https:\/\/herdenkingscomiteslavernijverleden.org\/nl\/wp-json\/wp\/v2\/pages"}],"about":[{"href":"https:\/\/herdenkingscomiteslavernijverleden.org\/nl\/wp-json\/wp\/v2\/types\/page"}],"author":[{"embeddable":true,"href":"https:\/\/herdenkingscomiteslavernijverleden.org\/nl\/wp-json\/wp\/v2\/users\/7"}],"replies":[{"embeddable":true,"href":"https:\/\/herdenkingscomiteslavernijverleden.org\/nl\/wp-json\/wp\/v2\/comments?post=2563"}],"version-history":[{"count":19,"href":"https:\/\/herdenkingscomiteslavernijverleden.org\/nl\/wp-json\/wp\/v2\/pages\/2563\/revisions"}],"predecessor-version":[{"id":4021,"href":"https:\/\/herdenkingscomiteslavernijverleden.org\/nl\/wp-json\/wp\/v2\/pages\/2563\/revisions\/4021"}],"wp:attachment":[{"href":"https:\/\/herdenkingscomiteslavernijverleden.org\/nl\/wp-json\/wp\/v2\/media?parent=2563"}],"curies":[{"name":"wp","href":"https:\/\/api.w.org\/{rel}","templated":true}]}}